{"id":338,"date":"2022-03-29T22:05:11","date_gmt":"2022-03-29T20:05:11","guid":{"rendered":"https:\/\/warsztaty-emc.pwr.edu.pl\/?page_id=338"},"modified":"2022-03-29T22:05:11","modified_gmt":"2022-03-29T20:05:11","slug":"badania-porownawcze","status":"publish","type":"page","link":"https:\/\/warsztaty-emc.pwr.edu.pl\/2022\/badania-porownawcze\/","title":{"rendered":"Badania bieg\u0142o\u015bci (PT\/ILC)"},"content":{"rendered":"\n<p>W trakcie tegorocznych Krajowych Warsztat\u00f3w EMC zaplanowano zorganizowanie badania bieg\u0142o\u015bci przez por\u00f3wnania mi\u0119dzylaboratoryjne (PT\/ILC) w zakresie szerokopasmowych i selektywnych pomiar\u00f3w pola elektromagnetycznego dla cel\u00f3w oceny nara\u017cenia w \u015brodowisku pracy i ochrony \u015brodowiska w otoczeniu system\u00f3w radiokomunikacyjnych. Pomiary selektywne b\u0119d\u0105 realizowane tylko dla cel\u00f3w ochrony \u015brodowiska.<\/p>\n\n\n\n<h2 class=\"wp-block-heading\" style=\"margin-top:0px;margin-right:0px;margin-bottom:0px;margin-left:0px\"><strong>Najwa\u017cniejsze informacj\u0119 i wymagania<\/strong><\/h2>\n\n\n\n<h3 class=\"wp-block-heading\" style=\"margin-top:0px;margin-right:0px;margin-bottom:0px;margin-left:0px\">Badania bieg\u0142o\u015bci przez por\u00f3wnania mi\u0119dzylaboratoryjne na potrzeby&nbsp;oceny poziom\u00f3w PEM w \u015brodowisku i nara\u017cenia pracuj\u0105cych na pole&nbsp;elektromagnetyczne system\u00f3w radiokomunikacyjnych&nbsp;PT\/ILC- LWIMP\/2\/B\/2022&nbsp;<\/h3>\n\n\n<div style=\"padding-left: 1.1em; text-align: left; --ub-list-item-icon-top: 3px;; --ub-list-item-icon-size: 0.9em; --ub-list-item-background-image: url('data:image\/svg+xml;utf8,&lt;svg xmlns=&quot;http:\/\/www.w3.org\/2000\/svg&quot; viewBox=&quot;0 0 512 512&quot;&gt;&lt;path fill=&quot;%23000000&quot; d=&quot;M480 96c17.7 0 32 14.3 32 32s-14.3 32-32 32l-208 0 0-64 208 0zM320 288c17.7 0 32 14.3 32 32s-14.3 32-32 32H256c-17.7 0-32-14.3-32-32s14.3-32 32-32h64zm64-64c0 17.7-14.3 32-32 32H304c-17.7 0-32-14.3-32-32s14.3-32 32-32h48c17.7 0 32 14.3 32 32zM288 384c17.7 0 32 14.3 32 32s-14.3 32-32 32H224c-17.7 0-32-14.3-32-32s14.3-32 32-32h64zm-88-96l.6 0c-5.4 9.4-8.6 20.3-8.6 32c0 13.2 4 25.4 10.8 35.6C177.9 364.3 160 388.1 160 416c0 11.7 3.1 22.6 8.6 32H160C71.6 448 0 376.4 0 288l0-61.7c0-42.4 16.9-83.1 46.9-113.1l11.6-11.6C82.5 77.5 115.1 64 149 64l27 0c35.3 0 64 28.7 64 64v88c0 22.1-17.9 40-40 40s-40-17.9-40-40V160c0-8.8-7.2-16-16-16s-16 7.2-16 16v56c0 39.8 32.2 72 72 72z&quot;&gt;&lt;\/path&gt;&lt;\/svg&gt;'); --ub-list-item-fa-li-top: 3px; \" class=\"wp-block-ub-styled-list ub_styled_list_sublist\" id=\"ub_styled_list-7af78d07-0e26-4fff-8aa0-dc42265df4bb\"><ul class=\"fa-ul\"><li>Koordynator bada\u0144 bieg\u0142o\u015bci:\u00a0<strong>dr hab. in\u017c. Pawe\u0142 Bie\u0144kowski, prof. PWr.<\/strong><\/li><li>Termin realizacji PT\/ILC:<strong> 27 czerwca 2022 roku (poniedzia\u0142ek).<\/strong><\/li><li>Miejsce realizacji bada\u0144: <strong>taras na dachu budynku C-5 Politechniki Wroc\u0142awskiej, ul. Janiszewskiego 9. <\/strong><\/li><li>\u0179r\u00f3d\u0142a pola elektromagnetycznego na poligonie <strong>\u2013<\/strong> pomiary b\u0119d\u0105 prowadzone:<br><strong>\u2022 w otoczeniu testowej instalacji radiokomunikacyjnej, w pa\u015bmie 800-3000 MHz \u2013 \u017ar\u00f3d\u0142em pola b\u0119dzie instalacja wielocz\u0119stotliwo\u015bciowa,<\/strong> spodziewane nat\u0119\u017cenia pola (2<strong>\u2013<\/strong>240) V\/m.<br><mark style=\"color:#ff0000\" class=\"has-inline-color\">Uwaga: <\/mark>Uczestnik mo\u017ce zadeklarowa\u0107 pomiary szerokopasmowe albo selektywne &#8211; je\u017celi Uczestnik chce wzi\u0105\u0107 udzia\u0142 w pomiarach szerokopasmowych  oraz selektywnych, powinien zg\u0142osi\u0107 uczestnictwo jako dwa zespo\u0142y pomiarowe i wnie\u015b\u0107 op\u0142at\u0119 za dwa zespo\u0142y,<br><strong>\u2022 w otoczeniu impulsowej diatermii kr\u00f3tkofalowej z g\u0142owic\u0105 indukcyjn\u0105\u00a0 i\/lub w otoczeniu uk\u0142adu symuluj\u0105cego tak\u0105 diatermi\u0119 (<mark style=\"color:#ff0000\" class=\"has-inline-color\">uruchomienie zale\u017cy od zainteresowania uczestnik\u00f3w<\/mark>) <strong>\u2013<\/strong><\/strong> pole impulsowe, pomiary sk\u0142adowej elektrycznej i magnetycznej w zakresie (10<strong>\u2013<\/strong>200) mA\/m i (2<strong>\u2013<\/strong>240) V\/m.<\/li><li>Zesp\u00f3\u0142 pomiarowy to <strong>maksymalnie dwie osoby.<\/strong><\/li><li>Czas wykonania kompletnych pomiar\u00f3w: <strong>do 10 min.<\/strong><\/li><li>Warunek uczestnictwa w PT\/ILC:<strong> udzia\u0142 w Warsztatach Kompatybilno\u015bci Elektromagnetycznej<\/strong>, przynajmniej jednodniowy pakiet uczestnictwa.<\/li><li>Dodatkowy koszt dla ka\u017cdego zespo\u0142u pomiarowego PT\/ILC (ponad koszt uczestnictwa w Warsztatach EMC) to: <br>\u2022 <strong>500 z\u0142 \u2013<\/strong> <strong>por\u00f3wnania radiokomunikacyjne,<br>\u2022 800 z\u0142 \u2013<\/strong> <strong>por\u00f3wnania radiokomunikacyjne i diatermia,<br>\u2022<\/strong> <strong>500 z\u0142 \u2013<\/strong> <strong>diatermia.<\/strong><br><strong><mark style=\"color:#ff0000\" class=\"has-inline-color\">Uwaga: Op\u0142aty prosimy dokonywa\u0107 dopiero po uzyskaniu akceptacji zg\u0142oszenia.<\/mark><\/strong><br><\/li><li>Dokumenty odniesienia\/pomiary b\u0119d\u0105 realizowane zgodnie z wytycznymi:<\/li><\/ul><\/div>\n\n\n<ol class=\"wp-block-list\"><li>Rozporz\u0105dzenie Ministra Klimatu z dnia 17 lutego 2020 r. w sprawie sposob\u00f3w sprawdzania dotrzymania dopuszczalnych poziom\u00f3w p\u00f3l elektromagnetycznych w \u015brodowisku (Dz. U. 2020 nr 258) \u2013 z ewentualn\u0105 nowelizacj\u0105,<\/li><li>Rozporz\u0105dzenie Ministra Rodziny, Pracy i Polityki Spo\u0142ecznej z dnia 29 czerwca 2016 r. w sprawie bezpiecze\u0144stwa i higieny pracy przy pracach zwi\u0105zanych z nara\u017ceniem na pole elektromagnetyczne (tekst jednolity Dz.U. 2018 poz. 331),<\/li><li><strong>Nara\u017cenie na pole elektromagnetyczne w przestrzeni pracy podczas u\u017cytkowania urz\u0105dze\u0144 nadawczych system\u00f3w radiokomunikacyjnych. Metoda pomiaru pola elektromagnetycznego in situ \u2013 wymagania szczeg\u00f3\u0142owe<\/strong>, Podstawy i Metody Oceny \u015arodowiska Pracy 2017, nr 2(92), s. 89\u2013131 (metodyka referencyjna),<\/li><li>PN-EN ISO\/IEC 17043:2011 &#8211; Ocena zgodno\u015bci <strong>\u2013<\/strong> Og\u00f3lne wymagania dotycz\u0105ce bieg\u0142o\u015bci,<\/li><li>EA-4\/21 INF:2018 &#8211; Wytyczne dotycz\u0105ce oceny stosowno\u015bci ma\u0142ych por\u00f3wna\u0144 mi\u0119dzylaboratoryjnych w procesie akredytacji laboratori\u00f3w,<\/li><li>DA-05 Polityka dotycz\u0105ca uczestnictwa w badaniach bieg\u0142o\u015bci wyd.8 2021.<\/li><\/ol>\n\n\n\n<div class=\"wp-block-group is-layout-flow wp-block-group-is-layout-flow\">\n<h2 class=\"wp-block-heading\"><strong>Szczeg\u00f3\u0142y<\/strong><\/h2>\n\n\n\n<p>Por\u00f3wnania mi\u0119dzylaboratoryjne b\u0119d\u0105 prowadzone na tarasie na dachu budynku C-5 Politechniki Wroc\u0142awskiej, ul. Janiszewskiego 9. Celem pomiaru b\u0119dzie wyznaczenie obszaru wyst\u0119powania PEM o warto\u015bciach wi\u0119kszych od dopuszczalnych w \u015brodowisku na tarasie (na potrzeby por\u00f3wna\u0144 przyjmuje si\u0119, ze taras to miejsce dost\u0119pne dla ludno\u015bci) oraz wyznaczenie zasi\u0119gu strefy po\u015bredniej i zagro\u017cenia, pomiary w wyznaczonej przestrzeni obs\u0142ugi z powierzchniami dost\u0119pu oraz identyfikacja wt\u00f3rnych \u017ar\u00f3de\u0142 pola-EM i wyznaczenia maksymalnych nat\u0119\u017ce\u0144 pola w ich otoczeniu. Dodatkowo pomiar w punktach referencyjnych i pionach pomiarowych wyznaczonych przez organizator\u00f3w.<\/p>\n\n\n\n<p>Na tarasie b\u0119d\u0105 mog\u0142y przebywa\u0107 jednocze\u015bnie max. dwa zespo\u0142y pomiarowe (jeden zesp\u00f3\u0142 pomiarowy to max dwie osoby), a czas wykonania kompletnych pomiar\u00f3w b\u0119dzie ograniczony do 10 minut. Organizatorzy udost\u0119pni\u0105 skalowany plan tarasu. Wyniki pomiar\u00f3w b\u0119d\u0105 odnoszone do warto\u015bci referencyjnych wyznaczanych na podstawie pomiaru przez grup\u0119 ekspert\u00f3w i skalowane wzgl\u0119dem miernika referencyjnego monitoruj\u0105cego nat\u0119\u017cenia pola w reprezentatywnym punkcie poligonu przy zmianach mocy systemu nadawczego.<\/p>\n\n\n\n<p>Ocena uczestnik\u00f3w b\u0119dzie prowadzona dla ka\u017cdego zadania niezale\u017cnie. Do oceny wynik\u00f3w pomiar\u00f3w b\u0119dzie stosowany wska\u017anik zeta dla pomiar\u00f3w w \u015brodowisku (kryterium oceny <strong>\u2013<\/strong> pozytywny <strong>\u2013<\/strong> wynik uczestnika nie odbiega od warto\u015bci przypisanej powy\u017cej niepewno\u015bci rozszerzonej uczestnika) i zmodyfikowany wska\u017anik dla pomiar\u00f3w w zakresie nara\u017cenia w \u015brodowisku pracy (kryterium oceny <strong>\u2013<\/strong> pozytywny <strong>\u2013<\/strong> wynik uczestnika nie odbiega powy\u017cej 60% od warto\u015bci przypisanej). Do oceny zada\u0144 obliczeniowych b\u0119dzie stosowane kryterium <strong>\u2013<\/strong> warto\u015b\u0107 wyznaczona przez Uczestnika nie odbiega wi\u0119cej ni\u017c 15% od warto\u015bci wyznaczonej przed koordynatora na podstawie wynik\u00f3w pomiar\u00f3w Uczestnika.<\/p>\n\n\n\n<p>Ka\u017cdy z uczestnik\u00f3w otrzyma certyfikat uczestnictwa z analiz\u0105 wynik\u00f3w oraz og\u00f3lne sprawozdanie z programu.<\/p>\n\n\n\n<p>Warunkiem udzia\u0142u w PT\/ILC jest jednoczesny udzia\u0142 w Warsztatach Kompatybilno\u015bci Elektromagnetycznej. Udzia\u0142 w ILC\/PT jest dodatkowo p\u0142atny. Koszt udzia\u0142u w ILC\/PT dla jednego zespo\u0142u pomiarowego, z\u0142o\u017conego z nie wi\u0119cej ni\u017c 2 os\u00f3b, wynosi&nbsp;500z\u0142. Op\u0142at\u0119 prosimy dokonywa\u0107 dopiero po uzyskaniu akceptacji zg\u0142oszenia.<\/p>\n\n\n\n<p>Uwaga: rozwa\u017ca si\u0119 r\u00f3wnie\u017c zorganizowanie bada\u0144 PT\/ILC w otoczeniu impulsowej diatermii kr\u00f3tkofalowej z g\u0142owic\u0105 indukcyjn\u0105&nbsp; i\/lub w otoczeniu uk\u0142adu symuluj\u0105cego tak\u0105 diatermi\u0119 (\u017ar\u00f3d\u0142o pola-E i pola-M zasilane impulsowo i\/lub sygna\u0142em ci\u0105g\u0142ym).<br>Uruchomienie tych bada\u0144 zale\u017ca\u0142o b\u0119dzie od zainteresowania uczestnik\u00f3w \u2013 dodatkowy koszt dla uczestnik\u00f3w por\u00f3wna\u0144 \u201eradiokomunikacyjnych\u201d \u2013 300z\u0142\/zesp\u00f3l, dla uczestnik\u00f3w tylko tego badania \u2013 500z\u0142\/zesp\u00f3\u0142.<\/p>\n<\/div>\n\n\n\n<div class=\"wp-block-group is-layout-flow wp-block-group-is-layout-flow\">\n<h2 class=\"wp-block-heading\"><strong>Zg\u0142oszenie uczestnictwa<\/strong><\/h2>\n\n\n\n<p>Ewentualn\u0105 ch\u0119\u0107 uczestnictwa, poprzez przes\u0142anie uzupe\u0142nionego formularza, prosz\u0119 zg\u0142asza\u0107 na adres poni\u017cej.<\/p>\n\n\n\n<div class=\"wp-block-file\"><a id=\"wp-block-file--media-270bd21b-32f2-4af2-b7a9-38777d617212\" href=\"https:\/\/warsztaty-emc.pwr.edu.pl\/wp-content\/uploads\/2022\/03\/Karta_zgloszenia_udzialu_w_ILC_2022.pdf\" target=\"_blank\" rel=\"noreferrer noopener\"><strong>Karta_zgloszenia_udzialu_w_ILC_2022<\/strong><\/a><a href=\"https:\/\/warsztaty-emc.pwr.edu.pl\/wp-content\/uploads\/2022\/03\/Karta_zgloszenia_udzialu_w_ILC_2022.pdf\" class=\"wp-block-file__button\" download aria-describedby=\"wp-block-file--media-270bd21b-32f2-4af2-b7a9-38777d617212\">Pobierz<\/a><\/div>\n\n\n\n<p><mark style=\"color:#ff0000\" class=\"has-inline-color\">Uwaga:<\/mark> Warunkiem udzia\u0142u w PT\/ILC jest potwierdzenie przyj\u0119cia zg\u0142oszenia przez koordynatora.<\/p>\n\n\n\n<p>Wszelkie pytania, uwagi i wnioski prosimy kierowa\u0107 bezpo\u015brednio do koordynatora dra hab. in\u017c. Paw\u0142a Bie\u0144kowskiego <br><a href=\"mailto:pawel.bienkowski@pwr.wroc.pl\"><strong>pawel.bienkowski@pwr.wroc.pl<\/strong><\/a><br><strong>tel. +48 71-320-30-87<\/strong><\/p>\n<\/div>\n","protected":false},"excerpt":{"rendered":"<p>W trakcie tegorocznych Krajowych Warsztat\u00f3w EMC zaplanowano zorganizowanie badania bieg\u0142o\u015bci przez por\u00f3wnania mi\u0119dzylaboratoryjne (PT\/ILC) w zakresie szerokopasmowych i selektywnych pomiar\u00f3w<span class=\"more-dots\">&#8230;<\/span><\/p>\n","protected":false},"author":1,"featured_media":0,"parent":0,"menu_order":0,"comment_status":"closed","ping_status":"closed","template":"","meta":{"footnotes":""},"class_list":["post-338","page","type-page","status-publish","hentry","no-post-thumbnail"],"featured_image_src":null,"yoast_head":"<!-- This site is optimized with the Yoast SEO plugin v27.3 - https:\/\/yoast.com\/product\/yoast-seo-wordpress\/ -->\n<title>Badania bieg\u0142o\u015bci (PT\/ILC) - Warsztaty EMC 2022<\/title>\n<meta name=\"robots\" content=\"index, follow, max-snippet:-1, max-image-preview:large, max-video-preview:-1\" \/>\n<link rel=\"canonical\" href=\"https:\/\/warsztaty-emc.pwr.edu.pl\/2022\/badania-porownawcze\/\" \/>\n<meta property=\"og:locale\" content=\"pl_PL\" \/>\n<meta property=\"og:type\" content=\"article\" \/>\n<meta property=\"og:title\" content=\"Badania bieg\u0142o\u015bci (PT\/ILC) - Warsztaty EMC 2022\" \/>\n<meta property=\"og:description\" content=\"W trakcie tegorocznych Krajowych Warsztat\u00f3w EMC zaplanowano zorganizowanie badania bieg\u0142o\u015bci przez por\u00f3wnania mi\u0119dzylaboratoryjne (PT\/ILC) w zakresie szerokopasmowych i selektywnych pomiar\u00f3w...\" \/>\n<meta property=\"og:url\" content=\"https:\/\/warsztaty-emc.pwr.edu.pl\/2022\/badania-porownawcze\/\" \/>\n<meta property=\"og:site_name\" content=\"Warsztaty EMC 2022\" \/>\n<meta name=\"twitter:card\" content=\"summary_large_image\" \/>\n<meta name=\"twitter:label1\" content=\"Szacowany czas czytania\" \/>\n\t<meta name=\"twitter:data1\" content=\"4 minuty\" \/>\n<script type=\"application\/ld+json\" class=\"yoast-schema-graph\">{\"@context\":\"https:\\\/\\\/schema.org\",\"@graph\":[{\"@type\":\"WebPage\",\"@id\":\"https:\\\/\\\/warsztaty-emc.pwr.edu.pl\\\/2022\\\/badania-porownawcze\\\/\",\"url\":\"https:\\\/\\\/warsztaty-emc.pwr.edu.pl\\\/2022\\\/badania-porownawcze\\\/\",\"name\":\"Badania bieg\u0142o\u015bci (PT\\\/ILC) - Warsztaty EMC 2022\",\"isPartOf\":{\"@id\":\"https:\\\/\\\/warsztaty-emc.pwr.edu.pl\\\/2022\\\/#website\"},\"datePublished\":\"2022-03-29T20:05:11+00:00\",\"breadcrumb\":{\"@id\":\"https:\\\/\\\/warsztaty-emc.pwr.edu.pl\\\/2022\\\/badania-porownawcze\\\/#breadcrumb\"},\"inLanguage\":\"pl-PL\",\"potentialAction\":[{\"@type\":\"ReadAction\",\"target\":[\"https:\\\/\\\/warsztaty-emc.pwr.edu.pl\\\/2022\\\/badania-porownawcze\\\/\"]}]},{\"@type\":\"BreadcrumbList\",\"@id\":\"https:\\\/\\\/warsztaty-emc.pwr.edu.pl\\\/2022\\\/badania-porownawcze\\\/#breadcrumb\",\"itemListElement\":[{\"@type\":\"ListItem\",\"position\":1,\"name\":\"Strona g\u0142\u00f3wna\",\"item\":\"https:\\\/\\\/warsztaty-emc.pwr.edu.pl\\\/2022\\\/\"},{\"@type\":\"ListItem\",\"position\":2,\"name\":\"Badania bieg\u0142o\u015bci (PT\\\/ILC)\"}]},{\"@type\":\"WebSite\",\"@id\":\"https:\\\/\\\/warsztaty-emc.pwr.edu.pl\\\/2022\\\/#website\",\"url\":\"https:\\\/\\\/warsztaty-emc.pwr.edu.pl\\\/2022\\\/\",\"name\":\"Warsztaty EMC 2022\",\"description\":\"XIII Krajowe Warsztaty EMC\",\"publisher\":{\"@id\":\"https:\\\/\\\/warsztaty-emc.pwr.edu.pl\\\/2022\\\/#organization\"},\"potentialAction\":[{\"@type\":\"SearchAction\",\"target\":{\"@type\":\"EntryPoint\",\"urlTemplate\":\"https:\\\/\\\/warsztaty-emc.pwr.edu.pl\\\/2022\\\/?s={search_term_string}\"},\"query-input\":{\"@type\":\"PropertyValueSpecification\",\"valueRequired\":true,\"valueName\":\"search_term_string\"}}],\"inLanguage\":\"pl-PL\"},{\"@type\":\"Organization\",\"@id\":\"https:\\\/\\\/warsztaty-emc.pwr.edu.pl\\\/2022\\\/#organization\",\"name\":\"Warsztaty EMC 2022\",\"url\":\"https:\\\/\\\/warsztaty-emc.pwr.edu.pl\\\/2022\\\/\",\"logo\":{\"@type\":\"ImageObject\",\"inLanguage\":\"pl-PL\",\"@id\":\"https:\\\/\\\/warsztaty-emc.pwr.edu.pl\\\/2022\\\/#\\\/schema\\\/logo\\\/image\\\/\",\"url\":\"https:\\\/\\\/warsztaty-emc.pwr.edu.pl\\\/2022\\\/wp-content\\\/uploads\\\/sites\\\/3\\\/2026\\\/02\\\/logo-odnowione_wieksze.png\",\"contentUrl\":\"https:\\\/\\\/warsztaty-emc.pwr.edu.pl\\\/2022\\\/wp-content\\\/uploads\\\/sites\\\/3\\\/2026\\\/02\\\/logo-odnowione_wieksze.png\",\"width\":460,\"height\":50,\"caption\":\"Warsztaty EMC 2022\"},\"image\":{\"@id\":\"https:\\\/\\\/warsztaty-emc.pwr.edu.pl\\\/2022\\\/#\\\/schema\\\/logo\\\/image\\\/\"}}]}<\/script>\n<!-- \/ Yoast SEO plugin. -->","yoast_head_json":{"title":"Badania bieg\u0142o\u015bci (PT\/ILC) - Warsztaty EMC 2022","robots":{"index":"index","follow":"follow","max-snippet":"max-snippet:-1","max-image-preview":"max-image-preview:large","max-video-preview":"max-video-preview:-1"},"canonical":"https:\/\/warsztaty-emc.pwr.edu.pl\/2022\/badania-porownawcze\/","og_locale":"pl_PL","og_type":"article","og_title":"Badania bieg\u0142o\u015bci (PT\/ILC) - Warsztaty EMC 2022","og_description":"W trakcie tegorocznych Krajowych Warsztat\u00f3w EMC zaplanowano zorganizowanie badania bieg\u0142o\u015bci przez por\u00f3wnania mi\u0119dzylaboratoryjne (PT\/ILC) w zakresie szerokopasmowych i selektywnych pomiar\u00f3w...","og_url":"https:\/\/warsztaty-emc.pwr.edu.pl\/2022\/badania-porownawcze\/","og_site_name":"Warsztaty EMC 2022","twitter_card":"summary_large_image","twitter_misc":{"Szacowany czas czytania":"4 minuty"},"schema":{"@context":"https:\/\/schema.org","@graph":[{"@type":"WebPage","@id":"https:\/\/warsztaty-emc.pwr.edu.pl\/2022\/badania-porownawcze\/","url":"https:\/\/warsztaty-emc.pwr.edu.pl\/2022\/badania-porownawcze\/","name":"Badania bieg\u0142o\u015bci (PT\/ILC) - Warsztaty EMC 2022","isPartOf":{"@id":"https:\/\/warsztaty-emc.pwr.edu.pl\/2022\/#website"},"datePublished":"2022-03-29T20:05:11+00:00","breadcrumb":{"@id":"https:\/\/warsztaty-emc.pwr.edu.pl\/2022\/badania-porownawcze\/#breadcrumb"},"inLanguage":"pl-PL","potentialAction":[{"@type":"ReadAction","target":["https:\/\/warsztaty-emc.pwr.edu.pl\/2022\/badania-porownawcze\/"]}]},{"@type":"BreadcrumbList","@id":"https:\/\/warsztaty-emc.pwr.edu.pl\/2022\/badania-porownawcze\/#breadcrumb","itemListElement":[{"@type":"ListItem","position":1,"name":"Strona g\u0142\u00f3wna","item":"https:\/\/warsztaty-emc.pwr.edu.pl\/2022\/"},{"@type":"ListItem","position":2,"name":"Badania bieg\u0142o\u015bci (PT\/ILC)"}]},{"@type":"WebSite","@id":"https:\/\/warsztaty-emc.pwr.edu.pl\/2022\/#website","url":"https:\/\/warsztaty-emc.pwr.edu.pl\/2022\/","name":"Warsztaty EMC 2022","description":"XIII Krajowe Warsztaty EMC","publisher":{"@id":"https:\/\/warsztaty-emc.pwr.edu.pl\/2022\/#organization"},"potentialAction":[{"@type":"SearchAction","target":{"@type":"EntryPoint","urlTemplate":"https:\/\/warsztaty-emc.pwr.edu.pl\/2022\/?s={search_term_string}"},"query-input":{"@type":"PropertyValueSpecification","valueRequired":true,"valueName":"search_term_string"}}],"inLanguage":"pl-PL"},{"@type":"Organization","@id":"https:\/\/warsztaty-emc.pwr.edu.pl\/2022\/#organization","name":"Warsztaty EMC 2022","url":"https:\/\/warsztaty-emc.pwr.edu.pl\/2022\/","logo":{"@type":"ImageObject","inLanguage":"pl-PL","@id":"https:\/\/warsztaty-emc.pwr.edu.pl\/2022\/#\/schema\/logo\/image\/","url":"https:\/\/warsztaty-emc.pwr.edu.pl\/2022\/wp-content\/uploads\/sites\/3\/2026\/02\/logo-odnowione_wieksze.png","contentUrl":"https:\/\/warsztaty-emc.pwr.edu.pl\/2022\/wp-content\/uploads\/sites\/3\/2026\/02\/logo-odnowione_wieksze.png","width":460,"height":50,"caption":"Warsztaty EMC 2022"},"image":{"@id":"https:\/\/warsztaty-emc.pwr.edu.pl\/2022\/#\/schema\/logo\/image\/"}}]}},"_links":{"self":[{"href":"https:\/\/warsztaty-emc.pwr.edu.pl\/2022\/wp-json\/wp\/v2\/pages\/338","targetHints":{"allow":["GET"]}}],"collection":[{"href":"https:\/\/warsztaty-emc.pwr.edu.pl\/2022\/wp-json\/wp\/v2\/pages"}],"about":[{"href":"https:\/\/warsztaty-emc.pwr.edu.pl\/2022\/wp-json\/wp\/v2\/types\/page"}],"author":[{"embeddable":true,"href":"https:\/\/warsztaty-emc.pwr.edu.pl\/2022\/wp-json\/wp\/v2\/users\/1"}],"replies":[{"embeddable":true,"href":"https:\/\/warsztaty-emc.pwr.edu.pl\/2022\/wp-json\/wp\/v2\/comments?post=338"}],"version-history":[{"count":0,"href":"https:\/\/warsztaty-emc.pwr.edu.pl\/2022\/wp-json\/wp\/v2\/pages\/338\/revisions"}],"wp:attachment":[{"href":"https:\/\/warsztaty-emc.pwr.edu.pl\/2022\/wp-json\/wp\/v2\/media?parent=338"}],"curies":[{"name":"wp","href":"https:\/\/api.w.org\/{rel}","templated":true}]}}