{"id":928,"date":"2022-03-10T13:30:10","date_gmt":"2022-03-10T12:30:10","guid":{"rendered":"http:\/\/localhost\/wordpress\/?page_id=2"},"modified":"2026-02-18T14:19:39","modified_gmt":"2026-02-18T13:19:39","slug":"main","status":"publish","type":"page","link":"https:\/\/warsztaty-emc.pwr.edu.pl\/2022\/","title":{"rendered":"Strona g\u0142\u00f3wna"},"content":{"rendered":"\n<div class=\"wp-block-cover alignfull has-border-color has-dark-border-color wp-elements-df55f7c6b34968883286d724d6816425 wp-duotone-rgba515151081-rgba204204204084-1\" style=\"padding-top:0px;padding-right:0px;padding-bottom:0px;padding-left:0px;min-height:340px;aspect-ratio:unset;\"><img decoding=\"async\" class=\"wp-block-cover__image-background wp-image-23\" alt=\"\" src=\"https:\/\/warsztaty-emc.pwr.edu.pl\/wp-content\/uploads\/2022\/03\/komoraTK-2.jpg\" data-object-fit=\"cover\"\/><span aria-hidden=\"true\" class=\"wp-block-cover__background has-background-dim\"><\/span><div class=\"wp-block-cover__inner-container is-layout-constrained wp-container-core-cover-is-layout-f64f944e wp-block-cover-is-layout-constrained\">\n<h1 class=\"wp-block-heading has-text-align-center is-style-default has-light-color has-text-color has-xxl-font-size\" id=\"0-warsztaty-emc\" style=\"font-style:normal;font-weight:700;text-transform:capitalize\">Archiwum<br>XIII Krajowe Warsztaty Kompatybilno\u015bci Elektromagnetycznej<\/h1>\n\n\n\n<h2 class=\"wp-block-heading has-text-align-center has-light-color has-text-color has-xl-font-size\" id=\"1-wroc%C5%82aw-27-29-czerwca-2022r\" style=\"font-style:normal;font-weight:700\">WROC\u0141AW, <br>27-29 czerwca 2022 r.<\/h2>\n<\/div><\/div>\n\n\n\n<div style=\"height:50px\" aria-hidden=\"true\" class=\"wp-block-spacer\"><\/div>\n\n\n\n<div class=\"wp-block-group alignwide is-layout-flow wp-block-group-is-layout-flow\">\n<h2 class=\"wp-block-heading has-main-color has-text-color\" id=\"2-informacje-og%C3%B3lne-\"><strong>Podsumowanie XIII Krajowych Warsztat\u00f3w Kompatybilno\u015bci Elektromagnetycznej<\/strong><\/h2>\n\n\n\n<p>W dniach 27-29 czerwca 2022 r. w Politechnice Wroc\u0142awskiej odby\u0142a si\u0119 kolejna edycja Krajowych Warsztat\u00f3w Kompatybilno\u015bci Elektromagnetycznej. Konferencja zosta\u0142a obj\u0119ta patronatem honorowym Prezesa Urz\u0119du Komunikacji Elektronicznej. Tegoroczne XIII Warsztaty cieszy\u0142y si\u0119 du\u017cym zainteresowaniem. W trzydniowych obradach uczestniczy\u0142o ponad 250 uczestnik\u00f3w, prelegent\u00f3w, wystawc\u00f3w oraz zaproszonych go\u015bci.<br>W imieniu Organizator\u00f3w oraz Rady Programowej dzi\u0119kujemy wszystkim, kt\u00f3rzy przybyli na nasze Warsztaty. Szczeg\u00f3lne podzi\u0119kowania nale\u017c\u0105 si\u0119 autorom prezentacji za trud w\u0142o\u017cony w przygotowanie referat\u00f3w i ich wyg\u0142oszenie. Podczas Konferencji zosta\u0142o wyg\u0142oszonych ponad 60 prezentacji. W programie konferencji pojawi\u0142y si\u0119 te\u017c panele dyskusyjne, kt\u00f3rych przebieg by\u0142 w wielu wypadkach bardzo burzliwy, a ilo\u015b\u0107 zadawanych pyta\u0144 \u015bwiadczy o celowo\u015bci tego typu spotka\u0144.<br>Nie zabrak\u0142o tak\u017ce praktycznych sesji szkoleniowych oraz pokaz\u00f3w z zastosowaniem aparatury pomiarowej.<br>Podczas Warsztat\u00f3w zorganizowane zosta\u0142y badania bieg\u0142o\u015bci w ramach por\u00f3wna\u0144 mi\u0119dzylaboratoryjnych dla cel\u00f3w oceny nara\u017cenia w \u015brodowisku pracy i ochrony \u015brodowiska w otoczeniu system\u00f3w radiokomunikacyjnych.<br>Na towarzysz\u0105cej konferencji wystawie zaprezentowa\u0142o si\u0119 10 wystawc\u00f3w i przedstawicieli laboratori\u00f3w badawczych.<\/p>\n\n\n\n<div style=\"height:100px\" aria-hidden=\"true\" class=\"wp-block-spacer\"><\/div>\n<\/div>\n\n\n\n<div class=\"wp-block-group alignwide is-layout-flow wp-block-group-is-layout-flow\">\n<h2 class=\"wp-block-heading has-main-color has-text-color\" id=\"2-informacje-og%C3%B3lne-\"><strong>Informacje og\u00f3lne<\/strong><\/h2>\n\n\n\n<p>Krajowe Warsztaty Kompatybilno\u015bci Elektromagnetycznej s\u0105 konferencj\u0105 o charakterze szkoleniowym i naukowym, popularyzuj\u0105c\u0105 problematyk\u0119 badania i zapewniania kompatybilno\u015bci elektromagnetycznej (EMC) urz\u0105dze\u0144, system\u00f3w i instalacji. Warsztaty s\u0105 tak\u017ce forum wymiany wiedzy i do\u015bwiadcze\u0144 dla os\u00f3b ze \u015brodowisk: akademickiego, naukowego, badawczego i przemys\u0142owego, kt\u00f3re to forum sprzyja nawi\u0105zywaniu wzajemnych kontakt\u00f3w oraz wsp\u00f3\u0142pracy przy rozwi\u0105zywaniu problem\u00f3w kompatybilno\u015bci elektromagnetycznej urz\u0105dze\u0144, system\u00f3w i instalacji.<\/p>\n\n\n\n<div style=\"height:100px\" aria-hidden=\"true\" class=\"wp-block-spacer\"><\/div>\n<\/div>\n\n\n\n<div class=\"wp-block-group is-layout-flow wp-block-group-is-layout-flow\">\n<h2 class=\"wp-block-heading has-text-align-center has-main-color has-text-color\" id=\"4-patronat-\"><strong>Patronat honorowy<\/strong><\/h2>\n\n\n\n<div class=\"wp-block-columns alignfull are-vertically-aligned-center is-layout-flex wp-container-core-columns-is-layout-9d6595d7 wp-block-columns-is-layout-flex\">\n<div class=\"wp-block-column is-vertically-aligned-center is-layout-flow wp-block-column-is-layout-flow\" style=\"flex-basis:33.34%\"><\/div>\n\n\n\n<div class=\"wp-block-column is-vertically-aligned-center is-layout-flow wp-block-column-is-layout-flow\" style=\"flex-basis:33.34%\">\n<figure class=\"wp-block-image aligncenter is-resized2\"><img decoding=\"async\" src=\"https:\/\/warsztaty-emc.pwr.edu.pl\/wp-content\/uploads\/2022\/05\/logoUKE_PL_L-1024x193.jpg\" alt=\"\" class=\"wp-image-725\"\/><\/figure>\n<\/div>\n\n\n\n<div class=\"wp-block-column is-layout-flow wp-block-column-is-layout-flow\" style=\"flex-basis:33.33%\"><\/div>\n<\/div>\n<\/div>\n\n\n\n<div class=\"wp-block-group is-layout-constrained wp-block-group-is-layout-constrained\">\n<h2 class=\"wp-block-heading has-text-align-center has-main-color has-text-color\" id=\"4-organizatorzy-\"><strong>Organizatorzy<\/strong><\/h2>\n\n\n\n<div class=\"wp-block-columns alignfull is-layout-flex wp-container-core-columns-is-layout-9d6595d7 wp-block-columns-is-layout-flex\">\n<div class=\"wp-block-column is-layout-flow wp-block-column-is-layout-flow\" style=\"flex-basis:20%\"><\/div>\n\n\n\n<div class=\"wp-block-column is-vertically-aligned-stretch is-layout-flow wp-block-column-is-layout-flow\" style=\"flex-basis:8%\">\n<figure class=\"wp-block-image aligncenter size-full is-resized\"><img loading=\"lazy\" decoding=\"async\" width=\"938\" height=\"938\" src=\"https:\/\/warsztaty-emc.pwr.edu.pl\/2022\/wp-content\/uploads\/sites\/3\/2026\/02\/logo_IL.png\" alt=\"\" class=\"wp-image-1084\" srcset=\"https:\/\/warsztaty-emc.pwr.edu.pl\/2022\/wp-content\/uploads\/sites\/3\/2026\/02\/logo_IL.png 938w, https:\/\/warsztaty-emc.pwr.edu.pl\/2022\/wp-content\/uploads\/sites\/3\/2026\/02\/logo_IL-300x300.png 300w, https:\/\/warsztaty-emc.pwr.edu.pl\/2022\/wp-content\/uploads\/sites\/3\/2026\/02\/logo_IL-150x150.png 150w, https:\/\/warsztaty-emc.pwr.edu.pl\/2022\/wp-content\/uploads\/sites\/3\/2026\/02\/logo_IL-768x768.png 768w, https:\/\/warsztaty-emc.pwr.edu.pl\/2022\/wp-content\/uploads\/sites\/3\/2026\/02\/logo_IL-855x855.png 855w, https:\/\/warsztaty-emc.pwr.edu.pl\/2022\/wp-content\/uploads\/sites\/3\/2026\/02\/logo_IL-800x800.png 800w\" sizes=\"auto, (max-width: 938px) 100vw, 938px\" \/><\/figure>\n<\/div>\n\n\n\n<div class=\"wp-block-column is-layout-flow wp-block-column-is-layout-flow\" style=\"flex-basis:15%\"><\/div>\n\n\n\n<div class=\"wp-block-column is-vertically-aligned-stretch is-layout-flow wp-block-column-is-layout-flow\" style=\"flex-basis:5%\">\n<figure class=\"wp-block-image aligncenter size-full is-resized\"><img decoding=\"async\" src=\"https:\/\/warsztaty-emc.pwr.edu.pl\/2024\/wp-content\/uploads\/sites\/7\/2026\/02\/logo-PWr-kolor-pion-bez-tla.png\" alt=\"\" class=\"wp-image-1702\"\/><\/figure>\n<\/div>\n\n\n\n<div class=\"wp-block-column is-layout-flow wp-block-column-is-layout-flow\" style=\"flex-basis:15%\"><\/div>\n\n\n\n<div class=\"wp-block-column is-layout-flow wp-block-column-is-layout-flow\" style=\"flex-basis:14%\">\n<figure class=\"wp-block-image aligncenter size-full is-resized\"><img decoding=\"async\" src=\"https:\/\/warsztaty-emc.pwr.edu.pl\/2024\/wp-content\/uploads\/sites\/7\/2026\/02\/logo_wariant_podstawowy.png\" alt=\"\" class=\"wp-image-1701\"\/><\/figure>\n<\/div>\n<\/div>\n<\/div>\n\n\n\n<div class=\"wp-block-group is-layout-flow wp-block-group-is-layout-flow\">\n<h2 class=\"wp-block-heading has-text-align-center has-main-color has-text-color\" id=\"5-wspolorganizatorzy-\"><strong>Wsp\u00f3\u0142organizatorzy<\/strong><\/h2>\n\n\n\n<div class=\"wp-block-columns are-vertically-aligned-center is-layout-flex wp-container-core-columns-is-layout-9d6595d7 wp-block-columns-is-layout-flex\">\n<div class=\"wp-block-column is-vertically-aligned-center is-layout-flow wp-block-column-is-layout-flow\">\n<figure class=\"wp-block-image aligncenter size-full is-resized2\"><img loading=\"lazy\" decoding=\"async\" width=\"1167\" height=\"380\" src=\"https:\/\/warsztaty-emc.pwr.edu.pl\/2022\/wp-content\/uploads\/sites\/3\/2026\/02\/logo_PAN.jpg\" alt=\"\" class=\"wp-image-1076\" srcset=\"https:\/\/warsztaty-emc.pwr.edu.pl\/2022\/wp-content\/uploads\/sites\/3\/2026\/02\/logo_PAN.jpg 1167w, https:\/\/warsztaty-emc.pwr.edu.pl\/2022\/wp-content\/uploads\/sites\/3\/2026\/02\/logo_PAN-300x98.jpg 300w, https:\/\/warsztaty-emc.pwr.edu.pl\/2022\/wp-content\/uploads\/sites\/3\/2026\/02\/logo_PAN-1024x333.jpg 1024w, https:\/\/warsztaty-emc.pwr.edu.pl\/2022\/wp-content\/uploads\/sites\/3\/2026\/02\/logo_PAN-768x250.jpg 768w, https:\/\/warsztaty-emc.pwr.edu.pl\/2022\/wp-content\/uploads\/sites\/3\/2026\/02\/logo_PAN-1140x371.jpg 1140w\" sizes=\"auto, (max-width: 1167px) 100vw, 1167px\" \/><\/figure>\n<\/div>\n\n\n\n<div class=\"wp-block-column is-vertically-aligned-center is-layout-flow wp-block-column-is-layout-flow\">\n<h2 class=\"wp-block-heading has-text-align-center has-xxl-font-size\" style=\"margin-top:0px;margin-right:0px;margin-bottom:0px;margin-left:0px\">EMC-LabNet <\/h2>\n\n\n\n<h2 class=\"wp-block-heading has-text-align-center\" style=\"margin-top:0px;margin-right:0px;margin-bottom:0px;margin-left:0px\">Polska Sie\u0107 Laboratori\u00f3w EMC<\/h2>\n<\/div>\n\n\n\n<div class=\"wp-block-column is-vertically-aligned-center is-layout-flow wp-block-column-is-layout-flow\">\n<figure class=\"wp-block-image aligncenter size-full is-resized is-resized2\"><img loading=\"lazy\" decoding=\"async\" width=\"768\" height=\"108\" src=\"https:\/\/warsztaty-emc.pwr.edu.pl\/2022\/wp-content\/uploads\/sites\/3\/2026\/02\/cib-przezroczyste-768x108-1.png\" alt=\"\" class=\"wp-image-1075\" style=\"width:500px\" srcset=\"https:\/\/warsztaty-emc.pwr.edu.pl\/2022\/wp-content\/uploads\/sites\/3\/2026\/02\/cib-przezroczyste-768x108-1.png 768w, https:\/\/warsztaty-emc.pwr.edu.pl\/2022\/wp-content\/uploads\/sites\/3\/2026\/02\/cib-przezroczyste-768x108-1-300x42.png 300w\" sizes=\"auto, (max-width: 768px) 100vw, 768px\" \/><\/figure>\n<\/div>\n<\/div>\n<\/div>\n\n\n\n<div class=\"wp-block-group is-layout-flow wp-block-group-is-layout-flow\">\n<h2 class=\"wp-block-heading has-text-align-center has-main-color has-text-color\" id=\"6-medialni-\"><strong>Patroni medialni<\/strong><\/h2>\n\n\n\n<figure class=\"wp-block-image aligncenter is-resized2\"><img decoding=\"async\" src=\"https:\/\/warsztaty-emc.pwr.edu.pl\/wp-content\/uploads\/2022\/06\/logo-Elektronik.jpg\" alt=\"\" class=\"wp-image-804\"\/><\/figure>\n<\/div>\n\n\n<div class=\"wp-block-ub-tabbed-content wp-block-ub-tabbed-content-holder vertical-holder alignfull wp-block-ub-tabbed-content-horizontal-holder-mobile wp-block-ub-tabbed-content-vertical-holder-tablet\" id=\"ub-tabbed-content-c8621a49-6c08-4bc4-b8cb-f7bdfabc4c6a\" style=\"\">\n\t\t\t<div class=\"wp-block-ub-tabbed-content-tab-holder vertical-tab-width horizontal-tab-width-mobile vertical-tab-width-tablet\">\n\t\t\t\t<div role=\"tablist\" class=\"wp-block-ub-tabbed-content-tabs-title-vertical-tab wp-block-ub-tabbed-content-tabs-title-mobile-horizontal-tab wp-block-ub-tabbed-content-tabs-title-tablet-vertical-tab\" style=\"justify-content: center; \"><div role=\"tab\" id=\"ub-tabbed-content-c8621a49-6c08-4bc4-b8cb-f7bdfabc4c6a-tab-0\" aria-controls=\"ub-tabbed-content-c8621a49-6c08-4bc4-b8cb-f7bdfabc4c6a-panel-0\" aria-selected=\"false\" class=\"wp-block-ub-tabbed-content-tab-title-vertical-wrap wp-block-ub-tabbed-content-tab-title-tablet-vertical-wrap\" style=\"--ub-tabbed-active-title-color: inherit; --ub-tabbed-active-title-background-color: var(--colorMain3); text-align: center; \" tabindex=\"-1\">\n\t\t\t\t<div class=\"wp-block-ub-tabbed-content-tab-title\"><strong>Rada Programowa<\/strong><\/div>\n\t\t\t<\/div><div role=\"tab\" id=\"ub-tabbed-content-c8621a49-6c08-4bc4-b8cb-f7bdfabc4c6a-tab-1\" aria-controls=\"ub-tabbed-content-c8621a49-6c08-4bc4-b8cb-f7bdfabc4c6a-panel-1\" aria-selected=\"true\" class=\"wp-block-ub-tabbed-content-tab-title-vertical-wrap wp-block-ub-tabbed-content-tab-title-tablet-vertical-wrap active\" style=\"--ub-tabbed-title-background-color: var(--colorMain3); --ub-tabbed-active-title-color: inherit; --ub-tabbed-active-title-background-color: var(--colorMain3); text-align: center; \" tabindex=\"-1\">\n\t\t\t\t<div class=\"wp-block-ub-tabbed-content-tab-title\"><strong>Komitet Organizacyjny<\/strong><\/div>\n\t\t\t<\/div><\/div>\n\t\t\t<\/div>\n\t\t\t<div class=\"wp-block-ub-tabbed-content-tabs-content vertical-content-width  vertical-content-width-tablet\" style=\"\"><div role=\"tabpanel\" class=\"wp-block-ub-tabbed-content-tab-content-wrap ub-hide\" id=\"ub-tabbed-content-c8621a49-6c08-4bc4-b8cb-f7bdfabc4c6a-panel-0\" aria-labelledby=\"ub-tabbed-content-c8621a49-6c08-4bc4-b8cb-f7bdfabc4c6a-tab-0\" tabindex=\"0\">\n\n<h2 class=\"wp-block-heading\" style=\"margin-top:0px;margin-right:0px;margin-bottom:0px;margin-left:0px\">Rada Programowa<\/h2>\n\n\n\n<h5 class=\"wp-block-heading\" style=\"margin-top:0px;margin-right:0px;margin-bottom:0px;margin-left:0px\">Przewodnicz\u0105cy<\/h5>\n\n\n\n<p><strong>prof. dr hab. in\u017c. Tadeusz W. Wi\u0119ckowski<\/strong> &#8211; Politechnika Wroc\u0142awska<br><br><strong>Pawe\u0142 Bie\u0144kowski<\/strong> &#8211; Politechnika Wroc\u0142awska<br><strong>Zbigniew M. J\u00f3skiewicz<\/strong> &#8211; Politechnika Wroc\u0142awska<br><strong>Dariusz Klepacki<\/strong> &#8211; Politechnika Rzeszowska<br><strong>Wies\u0142aw Sabat<\/strong> &#8211; Politechnika Rzeszowska<br><strong>Janusz Sobolewski<\/strong> &#8211; Instytut \u0141\u0105czno\u015bci &#8211; PIB<br><strong>Dariusz Wi\u0119cek<\/strong> &#8211; Instytut \u0141\u0105czno\u015bci &#8211; PIB<br><strong>Ryszard J. Zieli\u0144ski<\/strong> &#8211; Politechnika Wroc\u0142awska<br><strong>Ryszard Katulski<\/strong> &#8211; Politechnika Gda\u0144ska<br><strong>Grzegorz Modrykamie\u0144<\/strong> &#8211; EMC-FORTO Sp. z o.o.<\/p>\n\n<\/div><div role=\"tabpanel\" class=\"wp-block-ub-tabbed-content-tab-content-wrap active\" id=\"ub-tabbed-content-c8621a49-6c08-4bc4-b8cb-f7bdfabc4c6a-panel-1\" aria-labelledby=\"ub-tabbed-content-c8621a49-6c08-4bc4-b8cb-f7bdfabc4c6a-tab-1\" tabindex=\"0\">\n\n<h2 class=\"wp-block-heading\" style=\"margin-top:0px;margin-right:0px;margin-bottom:0px;margin-left:0px\">Komitet Organizacyjny<\/h2>\n\n\n\n<p><strong>Pawe\u0142 Bie\u0144kowski<\/strong> &#8211; Politechnika Wroc\u0142awska &#8211; koordynator ds. bada\u0144 por\u00f3wnawczych<br><strong>Artur Florek<\/strong> &#8211; Politechnika Wroc\u0142awska &#8211; koordynator ds. organizacyjnych, naukowo-programowych i wystawy<br><strong>Zbigniew J\u00f3skiewicz<\/strong> &#8211; Politechnika Wroc\u0142awska &#8211; koordynator ds. naukowo-programowych<br><strong>Monika Szafra\u0144ska<\/strong> &#8211; Politechnika Wroc\u0142awska &#8211; koordynator ds. organizacyjnych i naukowo-programowych<br><strong>Robert Borowiec<\/strong> &#8211; Politechnika Wroc\u0142awska<br><strong>Grzegorz Modrykamie\u0144<\/strong> &#8211; EMC-FORTO Sp. z o.o.<br><strong>Grzegorz Kosobudzki<\/strong> &#8211; Politechnika Wroc\u0142awska<br><strong>Damian Kaliszuk<\/strong> &#8211; Politechnika Wroc\u0142awska<br><strong>Maciej Macko<\/strong> &#8211; Politechnika Wroc\u0142awska<br><strong>Karolina Spalt<\/strong> &#8211; Instytut \u0141\u0105czno\u015bci<\/p>\n\n<\/div><\/div>\n\t\t<\/div>","protected":false},"excerpt":{"rendered":"<p>Podsumowanie XIII Krajowych Warsztat\u00f3w Kompatybilno\u015bci Elektromagnetycznej W dniach 27-29 czerwca 2022 r. w Politechnice Wroc\u0142awskiej odby\u0142a si\u0119 kolejna edycja Krajowych<span class=\"more-dots\">&#8230;<\/span><\/p>\n","protected":false},"author":1,"featured_media":0,"parent":0,"menu_order":0,"comment_status":"closed","ping_status":"closed","template":"","meta":{"footnotes":""},"class_list":["post-928","page","type-page","status-publish","hentry","no-post-thumbnail"],"featured_image_src":null,"yoast_head":"<!-- This site is optimized with the Yoast SEO plugin v27.3 - https:\/\/yoast.com\/product\/yoast-seo-wordpress\/ -->\n<title>Strona g\u0142\u00f3wna - Warsztaty EMC 2022<\/title>\n<meta name=\"robots\" content=\"index, follow, max-snippet:-1, max-image-preview:large, max-video-preview:-1\" \/>\n<link rel=\"canonical\" href=\"https:\/\/warsztaty-emc.pwr.edu.pl\/2022\/\" \/>\n<meta property=\"og:locale\" content=\"pl_PL\" \/>\n<meta property=\"og:type\" content=\"article\" \/>\n<meta property=\"og:title\" content=\"Strona g\u0142\u00f3wna - Warsztaty EMC 2022\" \/>\n<meta property=\"og:description\" content=\"Podsumowanie XIII Krajowych Warsztat\u00f3w Kompatybilno\u015bci Elektromagnetycznej W dniach 27-29 czerwca 2022 r. w Politechnice Wroc\u0142awskiej odby\u0142a si\u0119 kolejna edycja Krajowych...\" \/>\n<meta property=\"og:url\" content=\"https:\/\/warsztaty-emc.pwr.edu.pl\/2022\/\" \/>\n<meta property=\"og:site_name\" content=\"Warsztaty EMC 2022\" \/>\n<meta property=\"article:modified_time\" content=\"2026-02-18T13:19:39+00:00\" \/>\n<meta name=\"twitter:card\" content=\"summary_large_image\" \/>\n<meta name=\"twitter:label1\" content=\"Szacowany czas czytania\" \/>\n\t<meta name=\"twitter:data1\" content=\"4 minuty\" \/>\n<script type=\"application\/ld+json\" class=\"yoast-schema-graph\">{\"@context\":\"https:\\\/\\\/schema.org\",\"@graph\":[{\"@type\":\"WebPage\",\"@id\":\"https:\\\/\\\/warsztaty-emc.pwr.edu.pl\\\/2022\\\/\",\"url\":\"https:\\\/\\\/warsztaty-emc.pwr.edu.pl\\\/2022\\\/\",\"name\":\"Strona g\u0142\u00f3wna - Warsztaty EMC 2022\",\"isPartOf\":{\"@id\":\"https:\\\/\\\/warsztaty-emc.pwr.edu.pl\\\/2022\\\/#website\"},\"primaryImageOfPage\":{\"@id\":\"https:\\\/\\\/warsztaty-emc.pwr.edu.pl\\\/2022\\\/#primaryimage\"},\"image\":{\"@id\":\"https:\\\/\\\/warsztaty-emc.pwr.edu.pl\\\/2022\\\/#primaryimage\"},\"thumbnailUrl\":\"https:\\\/\\\/warsztaty-emc.pwr.edu.pl\\\/wp-content\\\/uploads\\\/2022\\\/03\\\/komoraTK-2.jpg\",\"datePublished\":\"2022-03-10T12:30:10+00:00\",\"dateModified\":\"2026-02-18T13:19:39+00:00\",\"breadcrumb\":{\"@id\":\"https:\\\/\\\/warsztaty-emc.pwr.edu.pl\\\/2022\\\/#breadcrumb\"},\"inLanguage\":\"pl-PL\",\"potentialAction\":[{\"@type\":\"ReadAction\",\"target\":[\"https:\\\/\\\/warsztaty-emc.pwr.edu.pl\\\/2022\\\/\"]}]},{\"@type\":\"ImageObject\",\"inLanguage\":\"pl-PL\",\"@id\":\"https:\\\/\\\/warsztaty-emc.pwr.edu.pl\\\/2022\\\/#primaryimage\",\"url\":\"https:\\\/\\\/warsztaty-emc.pwr.edu.pl\\\/wp-content\\\/uploads\\\/2022\\\/03\\\/komoraTK-2.jpg\",\"contentUrl\":\"https:\\\/\\\/warsztaty-emc.pwr.edu.pl\\\/wp-content\\\/uploads\\\/2022\\\/03\\\/komoraTK-2.jpg\"},{\"@type\":\"BreadcrumbList\",\"@id\":\"https:\\\/\\\/warsztaty-emc.pwr.edu.pl\\\/2022\\\/#breadcrumb\",\"itemListElement\":[{\"@type\":\"ListItem\",\"position\":1,\"name\":\"Strona g\u0142\u00f3wna\",\"item\":\"https:\\\/\\\/warsztaty-emc.pwr.edu.pl\\\/2022\\\/\"},{\"@type\":\"ListItem\",\"position\":2,\"name\":\"Strona g\u0142\u00f3wna\"}]},{\"@type\":\"WebSite\",\"@id\":\"https:\\\/\\\/warsztaty-emc.pwr.edu.pl\\\/2022\\\/#website\",\"url\":\"https:\\\/\\\/warsztaty-emc.pwr.edu.pl\\\/2022\\\/\",\"name\":\"Warsztaty EMC 2022\",\"description\":\"XIII Krajowe Warsztaty EMC\",\"publisher\":{\"@id\":\"https:\\\/\\\/warsztaty-emc.pwr.edu.pl\\\/2022\\\/#organization\"},\"potentialAction\":[{\"@type\":\"SearchAction\",\"target\":{\"@type\":\"EntryPoint\",\"urlTemplate\":\"https:\\\/\\\/warsztaty-emc.pwr.edu.pl\\\/2022\\\/?s={search_term_string}\"},\"query-input\":{\"@type\":\"PropertyValueSpecification\",\"valueRequired\":true,\"valueName\":\"search_term_string\"}}],\"inLanguage\":\"pl-PL\"},{\"@type\":\"Organization\",\"@id\":\"https:\\\/\\\/warsztaty-emc.pwr.edu.pl\\\/2022\\\/#organization\",\"name\":\"Warsztaty EMC 2022\",\"url\":\"https:\\\/\\\/warsztaty-emc.pwr.edu.pl\\\/2022\\\/\",\"logo\":{\"@type\":\"ImageObject\",\"inLanguage\":\"pl-PL\",\"@id\":\"https:\\\/\\\/warsztaty-emc.pwr.edu.pl\\\/2022\\\/#\\\/schema\\\/logo\\\/image\\\/\",\"url\":\"https:\\\/\\\/warsztaty-emc.pwr.edu.pl\\\/2022\\\/wp-content\\\/uploads\\\/sites\\\/3\\\/2026\\\/02\\\/logo-odnowione_wieksze.png\",\"contentUrl\":\"https:\\\/\\\/warsztaty-emc.pwr.edu.pl\\\/2022\\\/wp-content\\\/uploads\\\/sites\\\/3\\\/2026\\\/02\\\/logo-odnowione_wieksze.png\",\"width\":460,\"height\":50,\"caption\":\"Warsztaty EMC 2022\"},\"image\":{\"@id\":\"https:\\\/\\\/warsztaty-emc.pwr.edu.pl\\\/2022\\\/#\\\/schema\\\/logo\\\/image\\\/\"}}]}<\/script>\n<!-- \/ Yoast SEO plugin. -->","yoast_head_json":{"title":"Strona g\u0142\u00f3wna - Warsztaty EMC 2022","robots":{"index":"index","follow":"follow","max-snippet":"max-snippet:-1","max-image-preview":"max-image-preview:large","max-video-preview":"max-video-preview:-1"},"canonical":"https:\/\/warsztaty-emc.pwr.edu.pl\/2022\/","og_locale":"pl_PL","og_type":"article","og_title":"Strona g\u0142\u00f3wna - Warsztaty EMC 2022","og_description":"Podsumowanie XIII Krajowych Warsztat\u00f3w Kompatybilno\u015bci Elektromagnetycznej W dniach 27-29 czerwca 2022 r. w Politechnice Wroc\u0142awskiej odby\u0142a si\u0119 kolejna edycja Krajowych...","og_url":"https:\/\/warsztaty-emc.pwr.edu.pl\/2022\/","og_site_name":"Warsztaty EMC 2022","article_modified_time":"2026-02-18T13:19:39+00:00","twitter_card":"summary_large_image","twitter_misc":{"Szacowany czas czytania":"4 minuty"},"schema":{"@context":"https:\/\/schema.org","@graph":[{"@type":"WebPage","@id":"https:\/\/warsztaty-emc.pwr.edu.pl\/2022\/","url":"https:\/\/warsztaty-emc.pwr.edu.pl\/2022\/","name":"Strona g\u0142\u00f3wna - Warsztaty EMC 2022","isPartOf":{"@id":"https:\/\/warsztaty-emc.pwr.edu.pl\/2022\/#website"},"primaryImageOfPage":{"@id":"https:\/\/warsztaty-emc.pwr.edu.pl\/2022\/#primaryimage"},"image":{"@id":"https:\/\/warsztaty-emc.pwr.edu.pl\/2022\/#primaryimage"},"thumbnailUrl":"https:\/\/warsztaty-emc.pwr.edu.pl\/wp-content\/uploads\/2022\/03\/komoraTK-2.jpg","datePublished":"2022-03-10T12:30:10+00:00","dateModified":"2026-02-18T13:19:39+00:00","breadcrumb":{"@id":"https:\/\/warsztaty-emc.pwr.edu.pl\/2022\/#breadcrumb"},"inLanguage":"pl-PL","potentialAction":[{"@type":"ReadAction","target":["https:\/\/warsztaty-emc.pwr.edu.pl\/2022\/"]}]},{"@type":"ImageObject","inLanguage":"pl-PL","@id":"https:\/\/warsztaty-emc.pwr.edu.pl\/2022\/#primaryimage","url":"https:\/\/warsztaty-emc.pwr.edu.pl\/wp-content\/uploads\/2022\/03\/komoraTK-2.jpg","contentUrl":"https:\/\/warsztaty-emc.pwr.edu.pl\/wp-content\/uploads\/2022\/03\/komoraTK-2.jpg"},{"@type":"BreadcrumbList","@id":"https:\/\/warsztaty-emc.pwr.edu.pl\/2022\/#breadcrumb","itemListElement":[{"@type":"ListItem","position":1,"name":"Strona g\u0142\u00f3wna","item":"https:\/\/warsztaty-emc.pwr.edu.pl\/2022\/"},{"@type":"ListItem","position":2,"name":"Strona g\u0142\u00f3wna"}]},{"@type":"WebSite","@id":"https:\/\/warsztaty-emc.pwr.edu.pl\/2022\/#website","url":"https:\/\/warsztaty-emc.pwr.edu.pl\/2022\/","name":"Warsztaty EMC 2022","description":"XIII Krajowe Warsztaty EMC","publisher":{"@id":"https:\/\/warsztaty-emc.pwr.edu.pl\/2022\/#organization"},"potentialAction":[{"@type":"SearchAction","target":{"@type":"EntryPoint","urlTemplate":"https:\/\/warsztaty-emc.pwr.edu.pl\/2022\/?s={search_term_string}"},"query-input":{"@type":"PropertyValueSpecification","valueRequired":true,"valueName":"search_term_string"}}],"inLanguage":"pl-PL"},{"@type":"Organization","@id":"https:\/\/warsztaty-emc.pwr.edu.pl\/2022\/#organization","name":"Warsztaty EMC 2022","url":"https:\/\/warsztaty-emc.pwr.edu.pl\/2022\/","logo":{"@type":"ImageObject","inLanguage":"pl-PL","@id":"https:\/\/warsztaty-emc.pwr.edu.pl\/2022\/#\/schema\/logo\/image\/","url":"https:\/\/warsztaty-emc.pwr.edu.pl\/2022\/wp-content\/uploads\/sites\/3\/2026\/02\/logo-odnowione_wieksze.png","contentUrl":"https:\/\/warsztaty-emc.pwr.edu.pl\/2022\/wp-content\/uploads\/sites\/3\/2026\/02\/logo-odnowione_wieksze.png","width":460,"height":50,"caption":"Warsztaty EMC 2022"},"image":{"@id":"https:\/\/warsztaty-emc.pwr.edu.pl\/2022\/#\/schema\/logo\/image\/"}}]}},"_links":{"self":[{"href":"https:\/\/warsztaty-emc.pwr.edu.pl\/2022\/wp-json\/wp\/v2\/pages\/928","targetHints":{"allow":["GET"]}}],"collection":[{"href":"https:\/\/warsztaty-emc.pwr.edu.pl\/2022\/wp-json\/wp\/v2\/pages"}],"about":[{"href":"https:\/\/warsztaty-emc.pwr.edu.pl\/2022\/wp-json\/wp\/v2\/types\/page"}],"author":[{"embeddable":true,"href":"https:\/\/warsztaty-emc.pwr.edu.pl\/2022\/wp-json\/wp\/v2\/users\/1"}],"replies":[{"embeddable":true,"href":"https:\/\/warsztaty-emc.pwr.edu.pl\/2022\/wp-json\/wp\/v2\/comments?post=928"}],"version-history":[{"count":45,"href":"https:\/\/warsztaty-emc.pwr.edu.pl\/2022\/wp-json\/wp\/v2\/pages\/928\/revisions"}],"predecessor-version":[{"id":1092,"href":"https:\/\/warsztaty-emc.pwr.edu.pl\/2022\/wp-json\/wp\/v2\/pages\/928\/revisions\/1092"}],"wp:attachment":[{"href":"https:\/\/warsztaty-emc.pwr.edu.pl\/2022\/wp-json\/wp\/v2\/media?parent=928"}],"curies":[{"name":"wp","href":"https:\/\/api.w.org\/{rel}","templated":true}]}}