{"id":1635,"date":"2022-03-10T13:30:10","date_gmt":"2022-03-10T12:30:10","guid":{"rendered":"http:\/\/localhost\/wordpress\/?page_id=2"},"modified":"2026-02-18T14:34:23","modified_gmt":"2026-02-18T13:34:23","slug":"strona-glowna","status":"publish","type":"page","link":"https:\/\/warsztaty-emc.pwr.edu.pl\/2024\/","title":{"rendered":"Strona g\u0142\u00f3wna"},"content":{"rendered":"\n<h1 class=\"wp-block-heading\">Uwaga! Jeste\u015b na archiwalnej stronie Warsztaty EMC, zawieraj\u0105cej informacje dotycz\u0105ce poprzednich edycji.<\/h1>\n\n\n\n<div class=\"wp-block-cover alignfull has-border-color has-dark-border-color wp-elements-c250bf11edbc25874b572b367c257255 wp-duotone-rgba515151081-rgba204204204084-1\" style=\"padding-top:0px;padding-right:0px;padding-bottom:0px;padding-left:0px;min-height:340px;aspect-ratio:unset;\"><img decoding=\"async\" class=\"wp-block-cover__image-background wp-image-23\" alt=\"\" src=\"https:\/\/warsztaty-emc.pwr.edu.pl\/wp-content\/uploads\/2022\/03\/komoraTK-2.jpg\" data-object-fit=\"cover\"\/><span aria-hidden=\"true\" class=\"wp-block-cover__background has-background-dim\"><\/span><div class=\"wp-block-cover__inner-container is-layout-constrained wp-container-core-cover-is-layout-f64f944e wp-block-cover-is-layout-constrained\">\n<h1 class=\"wp-block-heading has-text-align-center is-style-default has-light-color has-text-color has-xxl-font-size\" id=\"0-warsztaty-emc\" style=\"font-style:normal;font-weight:700;text-transform:capitalize\">Archiwum<br>XIV Krajowe Warsztaty Kompatybilno\u015bci Elektromagnetycznej<\/h1>\n\n\n\n<h2 class=\"wp-block-heading has-text-align-center has-light-color has-text-color has-xl-font-size\" id=\"1-wroc%C5%82aw-27-29-czerwca-2022r\" style=\"font-style:normal;font-weight:700\">WROC\u0141AW, <br>26-28 czerwca 2024 r.<\/h2>\n<\/div><\/div>\n\n\n\n<div style=\"height:20px\" aria-hidden=\"true\" class=\"wp-block-spacer\"><\/div>\n\n\n\n<div class=\"wp-block-group alignwide is-layout-flow wp-block-group-is-layout-flow\">\n<h2 class=\"wp-block-heading has-main-color has-text-color\" id=\"2-informacje-og%C3%B3lne-\"><strong>Informacje og\u00f3lne<\/strong><\/h2>\n\n\n\n<p>Zapraszamy na XIV edycj\u0119 Warsztat\u00f3w EMC. Celem naszej konferencji jest popularyzowanie wiedzy zwi\u0105zanej z szeroko poj\u0119t\u0105 problematyk\u0105 kompatybilno\u015bci elektromagnetycznej. Warsztaty Kompatybilno\u015bci Elektromagnetycznej nie s\u0105 typow\u0105 konferencj\u0105 naukow\u0105, od wielu lat staramy si\u0119, aby podczas naszej konferencji pojawia\u0142y si\u0119 tematy typowo szkoleniowe, prawne, czy te\u017c praktyczne (warsztaty i pokazy). Uczestnikami naszej konferencji s\u0105 osoby z r\u00f3\u017cnych \u015brodowisk m.in. akademickiego, naukowego, badawczego i przemys\u0142owego, co sprzyja wymianie wiedzy i do\u015bwiadcze\u0144. <\/p>\n\n\n\n<p>W 2024 r b\u0119dziemy obchodzi\u0107 jubileusz. Od pierwszych Warsztat\u00f3w EMC min\u0119\u0142o 25 lat \u2013 I edycja odby\u0142a si\u0119 w 1999 roku. Od samego pocz\u0105tku nasza konferencja organizowana jest przez Politechnik\u0119 Wroc\u0142awsk\u0105 oraz Instytut \u0141\u0105czno\u015bci oddzia\u0142 we Wroc\u0142awiu, przy du\u017cym wsparciu i zaanga\u017cowaniu koleg\u00f3w z Instytutu \u0141\u0105czno\u015bci w Warszawie oraz pracownik\u00f3w Urz\u0119du Komunikacji Elektronicznej. Informacje o poszczeg\u00f3lnych wcze\u015bniejszych edycjach Warszat\u00f3w EMC s\u0105 umieszczone w archiwum, dost\u0119pnym na stronie &#8222;<a href=\"https:\/\/warsztaty-emc.pwr.edu.pl\/poprzednie\/\"><strong>poprzednie edycje<\/strong><\/a>&#8222;.<\/p>\n\n\n\n<div style=\"height:25px\" aria-hidden=\"true\" class=\"wp-block-spacer\"><\/div>\n<\/div>\n\n\n\n<div class=\"wp-block-group alignfull has-background-background-color has-background is-layout-constrained wp-container-core-group-is-layout-24d7aaca wp-block-group-is-layout-constrained\">\n<h2 class=\"wp-block-heading has-main-color has-text-color\" id=\"3-xiii-krajowe-warsztaty-kompatybilno%C5%9Bci-elektromagnetycznej-\"><strong>XIV<\/strong> <strong>Warsztaty EMC<\/strong><\/h2>\n\n\n\n<div class=\"wp-block-group is-content-justification-left is-layout-constrained wp-container-core-group-is-layout-8c890d92 wp-block-group-is-layout-constrained\">\n<h3 class=\"wp-block-heading\">Miejsce i data Warsztat\u00f3w EMC<\/h3>\n\n\n\n<p><strong>XIV Krajowe Warsztaty Kompatybilno\u015bci Elektromagnetycznej<\/strong> odb\u0119d\u0105 si\u0119 w dniach od 26 do 28 czerwca 2024 roku w budynku C-13 (GPS: 51.10738, 17.05964), Wyb. Wyspia\u0144skiego 23-25, 50-370 Wroc\u0142aw. <a href=\"https:\/\/pwr.edu.pl\/uczelnia\/mapa-kampusu\"><strong>Mapa kampusu<\/strong><\/a><\/p>\n<\/div>\n\n\n\n<div class=\"wp-block-group is-content-justification-left is-layout-constrained wp-container-core-group-is-layout-8c890d92 wp-block-group-is-layout-constrained\">\n<div style=\"height:56px\" aria-hidden=\"true\" class=\"wp-block-spacer\"><\/div>\n<\/div>\n\n\n\n<div class=\"wp-block-group is-content-justification-left is-layout-constrained wp-container-core-group-is-layout-8c890d92 wp-block-group-is-layout-constrained\">\n<h3 class=\"wp-block-heading\">Program XIV Warsztat\u00f3w EMC<\/h3>\n\n\n\n<p>Zosta\u0142 opublikowany wst\u0119pny program XIV Warsztat\u00f3w EMC. Zach\u0119camy do zapoznania si\u0119 z nim. <a href=\"https:\/\/warsztaty-emc.pwr.edu.pl\/program-xiv-warsztatow-emc\/\" target=\"_blank\" rel=\"noreferrer noopener\"><strong>Program warsztat\u00f3w<\/strong><\/a><\/p>\n<\/div>\n<\/div>\n\n\n\n<div class=\"wp-block-group alignfull is-content-justification-center is-layout-constrained wp-block-group-is-layout-constrained\">\n<div class=\"wp-block-group is-layout-flow wp-block-group-is-layout-flow\">\n<h2 class=\"wp-block-heading has-text-align-center has-main-color has-text-color\" id=\"4-patronat-\"><strong>Patronat honorowy<\/strong><\/h2>\n\n\n\n<div class=\"wp-block-columns is-layout-flex wp-container-core-columns-is-layout-9d6595d7 wp-block-columns-is-layout-flex\">\n<div class=\"wp-block-column is-vertically-aligned-center is-layout-flow wp-block-column-is-layout-flow\" style=\"flex-basis:30%\"><\/div>\n\n\n\n<div class=\"wp-block-column is-layout-flow wp-block-column-is-layout-flow\" style=\"flex-basis:40%\">\n<figure class=\"wp-block-image aligncenter size-large is-resized2\"><a href=\"https:\/\/www.uke.gov.pl\"><img loading=\"lazy\" decoding=\"async\" width=\"1024\" height=\"193\" src=\"https:\/\/warsztaty-emc.pwr.edu.pl\/2024\/wp-content\/uploads\/sites\/7\/2026\/02\/logoUKE_PL_L-1024x193.jpg\" alt=\"logo patrona honorowego - Urz\u0105d Komunikacji Elektronicznej.\" class=\"wp-image-1715\" srcset=\"https:\/\/warsztaty-emc.pwr.edu.pl\/2024\/wp-content\/uploads\/sites\/7\/2026\/02\/logoUKE_PL_L-1024x193.jpg 1024w, https:\/\/warsztaty-emc.pwr.edu.pl\/2024\/wp-content\/uploads\/sites\/7\/2026\/02\/logoUKE_PL_L-300x57.jpg 300w, https:\/\/warsztaty-emc.pwr.edu.pl\/2024\/wp-content\/uploads\/sites\/7\/2026\/02\/logoUKE_PL_L-768x145.jpg 768w, https:\/\/warsztaty-emc.pwr.edu.pl\/2024\/wp-content\/uploads\/sites\/7\/2026\/02\/logoUKE_PL_L-1536x290.jpg 1536w, https:\/\/warsztaty-emc.pwr.edu.pl\/2024\/wp-content\/uploads\/sites\/7\/2026\/02\/logoUKE_PL_L-1140x215.jpg 1140w, https:\/\/warsztaty-emc.pwr.edu.pl\/2024\/wp-content\/uploads\/sites\/7\/2026\/02\/logoUKE_PL_L.jpg 1920w\" sizes=\"auto, (max-width: 1024px) 100vw, 1024px\" \/><\/a><\/figure>\n<\/div>\n\n\n\n<div class=\"wp-block-column is-vertically-aligned-center is-layout-flow wp-block-column-is-layout-flow\" style=\"flex-basis:30%\"><\/div>\n<\/div>\n<\/div>\n\n\n\n<div class=\"wp-block-group is-layout-constrained wp-block-group-is-layout-constrained\">\n<h2 class=\"wp-block-heading has-text-align-center has-main-color has-text-color\" id=\"4-organizatorzy-\"><strong>Organizatorzy<\/strong><\/h2>\n\n\n\n<div class=\"wp-block-columns alignfull is-layout-flex wp-container-core-columns-is-layout-9d6595d7 wp-block-columns-is-layout-flex\">\n<div class=\"wp-block-column is-layout-flow wp-block-column-is-layout-flow\" style=\"flex-basis:20%\"><\/div>\n\n\n\n<div class=\"wp-block-column is-vertically-aligned-stretch is-layout-flow wp-block-column-is-layout-flow\" style=\"flex-basis:8%\">\n<figure class=\"wp-block-image aligncenter size-full is-resized\"><img loading=\"lazy\" decoding=\"async\" width=\"938\" height=\"938\" src=\"https:\/\/warsztaty-emc.pwr.edu.pl\/2024\/wp-content\/uploads\/sites\/7\/2026\/02\/logo_IL.png\" alt=\"\" class=\"wp-image-1740\" srcset=\"https:\/\/warsztaty-emc.pwr.edu.pl\/2024\/wp-content\/uploads\/sites\/7\/2026\/02\/logo_IL.png 938w, https:\/\/warsztaty-emc.pwr.edu.pl\/2024\/wp-content\/uploads\/sites\/7\/2026\/02\/logo_IL-300x300.png 300w, https:\/\/warsztaty-emc.pwr.edu.pl\/2024\/wp-content\/uploads\/sites\/7\/2026\/02\/logo_IL-150x150.png 150w, https:\/\/warsztaty-emc.pwr.edu.pl\/2024\/wp-content\/uploads\/sites\/7\/2026\/02\/logo_IL-768x768.png 768w, https:\/\/warsztaty-emc.pwr.edu.pl\/2024\/wp-content\/uploads\/sites\/7\/2026\/02\/logo_IL-855x855.png 855w, https:\/\/warsztaty-emc.pwr.edu.pl\/2024\/wp-content\/uploads\/sites\/7\/2026\/02\/logo_IL-800x800.png 800w\" sizes=\"auto, (max-width: 938px) 100vw, 938px\" \/><\/figure>\n<\/div>\n\n\n\n<div class=\"wp-block-column is-layout-flow wp-block-column-is-layout-flow\" style=\"flex-basis:15%\"><\/div>\n\n\n\n<div class=\"wp-block-column is-vertically-aligned-stretch is-layout-flow wp-block-column-is-layout-flow\" style=\"flex-basis:5%\">\n<figure class=\"wp-block-image aligncenter size-full is-resized\"><a href=\"https:\/\/pwr.edu.pl\"><img loading=\"lazy\" decoding=\"async\" width=\"378\" height=\"570\" src=\"https:\/\/warsztaty-emc.pwr.edu.pl\/2024\/wp-content\/uploads\/sites\/7\/2026\/02\/logo-PWr-kolor-pion-bez-tla.png\" alt=\"logo organizatora - Politechnika Wroc\u0142awska.\" class=\"wp-image-1702\" srcset=\"https:\/\/warsztaty-emc.pwr.edu.pl\/2024\/wp-content\/uploads\/sites\/7\/2026\/02\/logo-PWr-kolor-pion-bez-tla.png 378w, https:\/\/warsztaty-emc.pwr.edu.pl\/2024\/wp-content\/uploads\/sites\/7\/2026\/02\/logo-PWr-kolor-pion-bez-tla-199x300.png 199w\" sizes=\"auto, (max-width: 378px) 100vw, 378px\" \/><\/a><\/figure>\n<\/div>\n\n\n\n<div class=\"wp-block-column is-layout-flow wp-block-column-is-layout-flow\" style=\"flex-basis:15%\"><\/div>\n\n\n\n<div class=\"wp-block-column is-layout-flow wp-block-column-is-layout-flow\" style=\"flex-basis:14%\">\n<figure class=\"wp-block-image aligncenter size-full is-resized\"><a href=\"https:\/\/www.uke.gov.pl\"><img loading=\"lazy\" decoding=\"async\" width=\"1920\" height=\"1048\" src=\"https:\/\/warsztaty-emc.pwr.edu.pl\/2024\/wp-content\/uploads\/sites\/7\/2026\/02\/logo_wariant_podstawowy.png\" alt=\"logo organizatora - Urz\u0105d Komunikacji Elektronicznej.\" class=\"wp-image-1701\" srcset=\"https:\/\/warsztaty-emc.pwr.edu.pl\/2024\/wp-content\/uploads\/sites\/7\/2026\/02\/logo_wariant_podstawowy.png 1920w, https:\/\/warsztaty-emc.pwr.edu.pl\/2024\/wp-content\/uploads\/sites\/7\/2026\/02\/logo_wariant_podstawowy-300x164.png 300w, https:\/\/warsztaty-emc.pwr.edu.pl\/2024\/wp-content\/uploads\/sites\/7\/2026\/02\/logo_wariant_podstawowy-1024x559.png 1024w, https:\/\/warsztaty-emc.pwr.edu.pl\/2024\/wp-content\/uploads\/sites\/7\/2026\/02\/logo_wariant_podstawowy-768x419.png 768w, https:\/\/warsztaty-emc.pwr.edu.pl\/2024\/wp-content\/uploads\/sites\/7\/2026\/02\/logo_wariant_podstawowy-1536x838.png 1536w, https:\/\/warsztaty-emc.pwr.edu.pl\/2024\/wp-content\/uploads\/sites\/7\/2026\/02\/logo_wariant_podstawowy-1140x622.png 1140w\" sizes=\"auto, (max-width: 1920px) 100vw, 1920px\" \/><\/a><\/figure>\n<\/div>\n<\/div>\n<\/div>\n\n\n\n<div class=\"wp-block-group is-layout-constrained wp-block-group-is-layout-constrained\">\n<h2 class=\"wp-block-heading has-text-align-center has-main-color has-text-color\" id=\"5-wspolorganizatorzy-\"><strong>Wsp\u00f3\u0142organizatorzy<\/strong><\/h2>\n<\/div>\n\n\n\n<div class=\"wp-block-columns alignfull is-layout-flex wp-container-core-columns-is-layout-9d6595d7 wp-block-columns-is-layout-flex\">\n<div class=\"wp-block-column is-layout-flow wp-block-column-is-layout-flow\" style=\"flex-basis:22%\"><\/div>\n\n\n\n<div class=\"wp-block-column is-vertically-aligned-stretch is-layout-flow wp-block-column-is-layout-flow\" style=\"flex-basis:20%\">\n<figure class=\"wp-block-image aligncenter size-full is-resized2\"><a href=\"https:\/\/www.semc-keit.pwr.edu.pl\/Kontakt.htm\"><img loading=\"lazy\" decoding=\"async\" width=\"1167\" height=\"380\" src=\"https:\/\/warsztaty-emc.pwr.edu.pl\/2024\/wp-content\/uploads\/sites\/7\/2026\/02\/logo_PAN.jpg\" alt=\"logo wsp\u00f3\u0142organizatora - Sekcja Bezpiecze\u0144stwa Elektromagnetycznego\nKomitetu Elektroniki i Telekomunikacji PAN.\" class=\"wp-image-1703\" srcset=\"https:\/\/warsztaty-emc.pwr.edu.pl\/2024\/wp-content\/uploads\/sites\/7\/2026\/02\/logo_PAN.jpg 1167w, https:\/\/warsztaty-emc.pwr.edu.pl\/2024\/wp-content\/uploads\/sites\/7\/2026\/02\/logo_PAN-300x98.jpg 300w, https:\/\/warsztaty-emc.pwr.edu.pl\/2024\/wp-content\/uploads\/sites\/7\/2026\/02\/logo_PAN-1024x333.jpg 1024w, https:\/\/warsztaty-emc.pwr.edu.pl\/2024\/wp-content\/uploads\/sites\/7\/2026\/02\/logo_PAN-768x250.jpg 768w, https:\/\/warsztaty-emc.pwr.edu.pl\/2024\/wp-content\/uploads\/sites\/7\/2026\/02\/logo_PAN-1140x371.jpg 1140w\" sizes=\"auto, (max-width: 1167px) 100vw, 1167px\" \/><\/a><\/figure>\n<\/div>\n\n\n\n<div class=\"wp-block-column is-layout-flow wp-block-column-is-layout-flow\" style=\"flex-basis:16%\"><\/div>\n\n\n\n<div class=\"wp-block-column is-layout-flow wp-block-column-is-layout-flow\" style=\"flex-basis:20%\">\n<figure class=\"wp-block-image aligncenter size-full is-resized2\"><a href=\"https:\/\/emc-labnet.pwr.edu.pl\"><img loading=\"lazy\" decoding=\"async\" width=\"1474\" height=\"387\" src=\"https:\/\/warsztaty-emc.pwr.edu.pl\/2024\/wp-content\/uploads\/sites\/7\/2026\/02\/LOGO_EMC-LabNet.png\" alt=\"logo wsp\u00f3\u0142organizatora - EMC LabNet - Polska Sie\u0107 Laboratori\u00f3w EMC\" class=\"wp-image-1700\" srcset=\"https:\/\/warsztaty-emc.pwr.edu.pl\/2024\/wp-content\/uploads\/sites\/7\/2026\/02\/LOGO_EMC-LabNet.png 1474w, https:\/\/warsztaty-emc.pwr.edu.pl\/2024\/wp-content\/uploads\/sites\/7\/2026\/02\/LOGO_EMC-LabNet-300x79.png 300w, https:\/\/warsztaty-emc.pwr.edu.pl\/2024\/wp-content\/uploads\/sites\/7\/2026\/02\/LOGO_EMC-LabNet-1024x269.png 1024w, https:\/\/warsztaty-emc.pwr.edu.pl\/2024\/wp-content\/uploads\/sites\/7\/2026\/02\/LOGO_EMC-LabNet-768x202.png 768w, https:\/\/warsztaty-emc.pwr.edu.pl\/2024\/wp-content\/uploads\/sites\/7\/2026\/02\/LOGO_EMC-LabNet-1140x299.png 1140w\" sizes=\"auto, (max-width: 1474px) 100vw, 1474px\" \/><\/a><\/figure>\n<\/div>\n\n\n\n<div class=\"wp-block-column is-layout-flow wp-block-column-is-layout-flow\" style=\"flex-basis:22%\"><\/div>\n<\/div>\n\n\n\n<div class=\"wp-block-group is-layout-constrained wp-block-group-is-layout-constrained\">\n<h2 class=\"wp-block-heading has-text-align-center has-main-color has-text-color\" id=\"4-organizatorzy-\"><strong>Patroni medialni<\/strong><\/h2>\n\n\n\n<div class=\"wp-block-columns alignfull is-layout-flex wp-container-core-columns-is-layout-9d6595d7 wp-block-columns-is-layout-flex\">\n<div class=\"wp-block-column is-layout-flow wp-block-column-is-layout-flow\" style=\"flex-basis:40%\"><\/div>\n\n\n\n<div class=\"wp-block-column is-vertically-aligned-stretch is-layout-flow wp-block-column-is-layout-flow\" style=\"flex-basis:20%\">\n<figure class=\"wp-block-image aligncenter size-full is-resized2\"><a href=\"https:\/\/elektronikab2b.pl\"><img loading=\"lazy\" decoding=\"async\" width=\"308\" height=\"82\" src=\"https:\/\/warsztaty-emc.pwr.edu.pl\/2024\/wp-content\/uploads\/sites\/7\/2026\/02\/Elektronik.jpg\" alt=\"logo patron medialny - Elektronik - magazyn elektroniki profesjonalnej.\" class=\"wp-image-1717\" srcset=\"https:\/\/warsztaty-emc.pwr.edu.pl\/2024\/wp-content\/uploads\/sites\/7\/2026\/02\/Elektronik.jpg 308w, https:\/\/warsztaty-emc.pwr.edu.pl\/2024\/wp-content\/uploads\/sites\/7\/2026\/02\/Elektronik-300x80.jpg 300w\" sizes=\"auto, (max-width: 308px) 100vw, 308px\" \/><\/a><\/figure>\n<\/div>\n\n\n\n<div class=\"wp-block-column is-layout-flow wp-block-column-is-layout-flow\" style=\"flex-basis:40%\"><\/div>\n<\/div>\n<\/div>\n<\/div>\n","protected":false},"excerpt":{"rendered":"<p>Uwaga! Jeste\u015b na archiwalnej stronie Warsztaty EMC, zawieraj\u0105cej informacje dotycz\u0105ce poprzednich edycji. Informacje og\u00f3lne Zapraszamy na XIV edycj\u0119 Warsztat\u00f3w EMC.<span class=\"more-dots\">&#8230;<\/span><\/p>\n","protected":false},"author":1,"featured_media":0,"parent":0,"menu_order":0,"comment_status":"closed","ping_status":"closed","template":"","meta":{"footnotes":""},"class_list":["post-1635","page","type-page","status-publish","hentry","no-post-thumbnail"],"featured_image_src":null,"yoast_head":"<!-- This site is optimized with the Yoast SEO plugin v27.3 - https:\/\/yoast.com\/product\/yoast-seo-wordpress\/ -->\n<title>Strona g\u0142\u00f3wna - Warsztaty EMC 2024<\/title>\n<meta name=\"description\" content=\"Zapraszamy na XIV edycj\u0119 Warsztat\u00f3w EMC. Warsztaty nie s\u0105 typow\u0105 konferencj\u0105 naukow\u0105. Poruszane aspekty s\u0105 typowo szkoleniowe, prawne, czy te\u017c praktyczne (warsztaty i pokazy).\" \/>\n<meta name=\"robots\" content=\"index, follow, max-snippet:-1, max-image-preview:large, max-video-preview:-1\" \/>\n<link rel=\"canonical\" href=\"https:\/\/warsztaty-emc.pwr.edu.pl\/2024\/\" \/>\n<meta property=\"og:locale\" content=\"pl_PL\" \/>\n<meta property=\"og:type\" content=\"article\" \/>\n<meta property=\"og:title\" content=\"Strona g\u0142\u00f3wna - Warsztaty EMC 2024\" \/>\n<meta property=\"og:description\" content=\"Zapraszamy na XIV edycj\u0119 Warsztat\u00f3w EMC. Warsztaty nie s\u0105 typow\u0105 konferencj\u0105 naukow\u0105. Poruszane aspekty s\u0105 typowo szkoleniowe, prawne, czy te\u017c praktyczne (warsztaty i pokazy).\" \/>\n<meta property=\"og:url\" content=\"https:\/\/warsztaty-emc.pwr.edu.pl\/2024\/\" \/>\n<meta property=\"og:site_name\" content=\"Warsztaty EMC 2024\" \/>\n<meta property=\"article:modified_time\" content=\"2026-02-18T13:34:23+00:00\" \/>\n<meta name=\"twitter:card\" content=\"summary_large_image\" \/>\n<meta name=\"twitter:label1\" content=\"Szacowany czas czytania\" \/>\n\t<meta name=\"twitter:data1\" content=\"3 minuty\" \/>\n<script type=\"application\/ld+json\" class=\"yoast-schema-graph\">{\"@context\":\"https:\\\/\\\/schema.org\",\"@graph\":[{\"@type\":\"WebPage\",\"@id\":\"https:\\\/\\\/warsztaty-emc.pwr.edu.pl\\\/2024\\\/\",\"url\":\"https:\\\/\\\/warsztaty-emc.pwr.edu.pl\\\/2024\\\/\",\"name\":\"Strona g\u0142\u00f3wna - Warsztaty EMC 2024\",\"isPartOf\":{\"@id\":\"https:\\\/\\\/warsztaty-emc.pwr.edu.pl\\\/2024\\\/#website\"},\"primaryImageOfPage\":{\"@id\":\"https:\\\/\\\/warsztaty-emc.pwr.edu.pl\\\/2024\\\/#primaryimage\"},\"image\":{\"@id\":\"https:\\\/\\\/warsztaty-emc.pwr.edu.pl\\\/2024\\\/#primaryimage\"},\"thumbnailUrl\":\"https:\\\/\\\/warsztaty-emc.pwr.edu.pl\\\/wp-content\\\/uploads\\\/2022\\\/03\\\/komoraTK-2.jpg\",\"datePublished\":\"2022-03-10T12:30:10+00:00\",\"dateModified\":\"2026-02-18T13:34:23+00:00\",\"description\":\"Zapraszamy na XIV edycj\u0119 Warsztat\u00f3w EMC. Warsztaty nie s\u0105 typow\u0105 konferencj\u0105 naukow\u0105. Poruszane aspekty s\u0105 typowo szkoleniowe, prawne, czy te\u017c praktyczne (warsztaty i pokazy).\",\"breadcrumb\":{\"@id\":\"https:\\\/\\\/warsztaty-emc.pwr.edu.pl\\\/2024\\\/#breadcrumb\"},\"inLanguage\":\"pl-PL\",\"potentialAction\":[{\"@type\":\"ReadAction\",\"target\":[\"https:\\\/\\\/warsztaty-emc.pwr.edu.pl\\\/2024\\\/\"]}]},{\"@type\":\"ImageObject\",\"inLanguage\":\"pl-PL\",\"@id\":\"https:\\\/\\\/warsztaty-emc.pwr.edu.pl\\\/2024\\\/#primaryimage\",\"url\":\"https:\\\/\\\/warsztaty-emc.pwr.edu.pl\\\/wp-content\\\/uploads\\\/2022\\\/03\\\/komoraTK-2.jpg\",\"contentUrl\":\"https:\\\/\\\/warsztaty-emc.pwr.edu.pl\\\/wp-content\\\/uploads\\\/2022\\\/03\\\/komoraTK-2.jpg\"},{\"@type\":\"BreadcrumbList\",\"@id\":\"https:\\\/\\\/warsztaty-emc.pwr.edu.pl\\\/2024\\\/#breadcrumb\",\"itemListElement\":[{\"@type\":\"ListItem\",\"position\":1,\"name\":\"Strona g\u0142\u00f3wna\",\"item\":\"https:\\\/\\\/warsztaty-emc.pwr.edu.pl\\\/2024\\\/\"},{\"@type\":\"ListItem\",\"position\":2,\"name\":\"Strona g\u0142\u00f3wna\"}]},{\"@type\":\"WebSite\",\"@id\":\"https:\\\/\\\/warsztaty-emc.pwr.edu.pl\\\/2024\\\/#website\",\"url\":\"https:\\\/\\\/warsztaty-emc.pwr.edu.pl\\\/2024\\\/\",\"name\":\"Warsztaty EMC 2024\",\"description\":\"XIV Krajowe Warsztaty EMC\",\"publisher\":{\"@id\":\"https:\\\/\\\/warsztaty-emc.pwr.edu.pl\\\/2024\\\/#organization\"},\"potentialAction\":[{\"@type\":\"SearchAction\",\"target\":{\"@type\":\"EntryPoint\",\"urlTemplate\":\"https:\\\/\\\/warsztaty-emc.pwr.edu.pl\\\/2024\\\/?s={search_term_string}\"},\"query-input\":{\"@type\":\"PropertyValueSpecification\",\"valueRequired\":true,\"valueName\":\"search_term_string\"}}],\"inLanguage\":\"pl-PL\"},{\"@type\":\"Organization\",\"@id\":\"https:\\\/\\\/warsztaty-emc.pwr.edu.pl\\\/2024\\\/#organization\",\"name\":\"Warsztaty EMC 2024\",\"url\":\"https:\\\/\\\/warsztaty-emc.pwr.edu.pl\\\/2024\\\/\",\"logo\":{\"@type\":\"ImageObject\",\"inLanguage\":\"pl-PL\",\"@id\":\"https:\\\/\\\/warsztaty-emc.pwr.edu.pl\\\/2024\\\/#\\\/schema\\\/logo\\\/image\\\/\",\"url\":\"https:\\\/\\\/warsztaty-emc.pwr.edu.pl\\\/2024\\\/wp-content\\\/uploads\\\/sites\\\/7\\\/2026\\\/02\\\/logo-odnowione_wieksze.png\",\"contentUrl\":\"https:\\\/\\\/warsztaty-emc.pwr.edu.pl\\\/2024\\\/wp-content\\\/uploads\\\/sites\\\/7\\\/2026\\\/02\\\/logo-odnowione_wieksze.png\",\"width\":460,\"height\":50,\"caption\":\"Warsztaty EMC 2024\"},\"image\":{\"@id\":\"https:\\\/\\\/warsztaty-emc.pwr.edu.pl\\\/2024\\\/#\\\/schema\\\/logo\\\/image\\\/\"}}]}<\/script>\n<!-- \/ Yoast SEO plugin. -->","yoast_head_json":{"title":"Strona g\u0142\u00f3wna - Warsztaty EMC 2024","description":"Zapraszamy na XIV edycj\u0119 Warsztat\u00f3w EMC. Warsztaty nie s\u0105 typow\u0105 konferencj\u0105 naukow\u0105. Poruszane aspekty s\u0105 typowo szkoleniowe, prawne, czy te\u017c praktyczne (warsztaty i pokazy).","robots":{"index":"index","follow":"follow","max-snippet":"max-snippet:-1","max-image-preview":"max-image-preview:large","max-video-preview":"max-video-preview:-1"},"canonical":"https:\/\/warsztaty-emc.pwr.edu.pl\/2024\/","og_locale":"pl_PL","og_type":"article","og_title":"Strona g\u0142\u00f3wna - Warsztaty EMC 2024","og_description":"Zapraszamy na XIV edycj\u0119 Warsztat\u00f3w EMC. Warsztaty nie s\u0105 typow\u0105 konferencj\u0105 naukow\u0105. Poruszane aspekty s\u0105 typowo szkoleniowe, prawne, czy te\u017c praktyczne (warsztaty i pokazy).","og_url":"https:\/\/warsztaty-emc.pwr.edu.pl\/2024\/","og_site_name":"Warsztaty EMC 2024","article_modified_time":"2026-02-18T13:34:23+00:00","twitter_card":"summary_large_image","twitter_misc":{"Szacowany czas czytania":"3 minuty"},"schema":{"@context":"https:\/\/schema.org","@graph":[{"@type":"WebPage","@id":"https:\/\/warsztaty-emc.pwr.edu.pl\/2024\/","url":"https:\/\/warsztaty-emc.pwr.edu.pl\/2024\/","name":"Strona g\u0142\u00f3wna - Warsztaty EMC 2024","isPartOf":{"@id":"https:\/\/warsztaty-emc.pwr.edu.pl\/2024\/#website"},"primaryImageOfPage":{"@id":"https:\/\/warsztaty-emc.pwr.edu.pl\/2024\/#primaryimage"},"image":{"@id":"https:\/\/warsztaty-emc.pwr.edu.pl\/2024\/#primaryimage"},"thumbnailUrl":"https:\/\/warsztaty-emc.pwr.edu.pl\/wp-content\/uploads\/2022\/03\/komoraTK-2.jpg","datePublished":"2022-03-10T12:30:10+00:00","dateModified":"2026-02-18T13:34:23+00:00","description":"Zapraszamy na XIV edycj\u0119 Warsztat\u00f3w EMC. Warsztaty nie s\u0105 typow\u0105 konferencj\u0105 naukow\u0105. Poruszane aspekty s\u0105 typowo szkoleniowe, prawne, czy te\u017c praktyczne (warsztaty i pokazy).","breadcrumb":{"@id":"https:\/\/warsztaty-emc.pwr.edu.pl\/2024\/#breadcrumb"},"inLanguage":"pl-PL","potentialAction":[{"@type":"ReadAction","target":["https:\/\/warsztaty-emc.pwr.edu.pl\/2024\/"]}]},{"@type":"ImageObject","inLanguage":"pl-PL","@id":"https:\/\/warsztaty-emc.pwr.edu.pl\/2024\/#primaryimage","url":"https:\/\/warsztaty-emc.pwr.edu.pl\/wp-content\/uploads\/2022\/03\/komoraTK-2.jpg","contentUrl":"https:\/\/warsztaty-emc.pwr.edu.pl\/wp-content\/uploads\/2022\/03\/komoraTK-2.jpg"},{"@type":"BreadcrumbList","@id":"https:\/\/warsztaty-emc.pwr.edu.pl\/2024\/#breadcrumb","itemListElement":[{"@type":"ListItem","position":1,"name":"Strona g\u0142\u00f3wna","item":"https:\/\/warsztaty-emc.pwr.edu.pl\/2024\/"},{"@type":"ListItem","position":2,"name":"Strona g\u0142\u00f3wna"}]},{"@type":"WebSite","@id":"https:\/\/warsztaty-emc.pwr.edu.pl\/2024\/#website","url":"https:\/\/warsztaty-emc.pwr.edu.pl\/2024\/","name":"Warsztaty EMC 2024","description":"XIV Krajowe Warsztaty EMC","publisher":{"@id":"https:\/\/warsztaty-emc.pwr.edu.pl\/2024\/#organization"},"potentialAction":[{"@type":"SearchAction","target":{"@type":"EntryPoint","urlTemplate":"https:\/\/warsztaty-emc.pwr.edu.pl\/2024\/?s={search_term_string}"},"query-input":{"@type":"PropertyValueSpecification","valueRequired":true,"valueName":"search_term_string"}}],"inLanguage":"pl-PL"},{"@type":"Organization","@id":"https:\/\/warsztaty-emc.pwr.edu.pl\/2024\/#organization","name":"Warsztaty EMC 2024","url":"https:\/\/warsztaty-emc.pwr.edu.pl\/2024\/","logo":{"@type":"ImageObject","inLanguage":"pl-PL","@id":"https:\/\/warsztaty-emc.pwr.edu.pl\/2024\/#\/schema\/logo\/image\/","url":"https:\/\/warsztaty-emc.pwr.edu.pl\/2024\/wp-content\/uploads\/sites\/7\/2026\/02\/logo-odnowione_wieksze.png","contentUrl":"https:\/\/warsztaty-emc.pwr.edu.pl\/2024\/wp-content\/uploads\/sites\/7\/2026\/02\/logo-odnowione_wieksze.png","width":460,"height":50,"caption":"Warsztaty EMC 2024"},"image":{"@id":"https:\/\/warsztaty-emc.pwr.edu.pl\/2024\/#\/schema\/logo\/image\/"}}]}},"_links":{"self":[{"href":"https:\/\/warsztaty-emc.pwr.edu.pl\/2024\/wp-json\/wp\/v2\/pages\/1635","targetHints":{"allow":["GET"]}}],"collection":[{"href":"https:\/\/warsztaty-emc.pwr.edu.pl\/2024\/wp-json\/wp\/v2\/pages"}],"about":[{"href":"https:\/\/warsztaty-emc.pwr.edu.pl\/2024\/wp-json\/wp\/v2\/types\/page"}],"author":[{"embeddable":true,"href":"https:\/\/warsztaty-emc.pwr.edu.pl\/2024\/wp-json\/wp\/v2\/users\/1"}],"replies":[{"embeddable":true,"href":"https:\/\/warsztaty-emc.pwr.edu.pl\/2024\/wp-json\/wp\/v2\/comments?post=1635"}],"version-history":[{"count":28,"href":"https:\/\/warsztaty-emc.pwr.edu.pl\/2024\/wp-json\/wp\/v2\/pages\/1635\/revisions"}],"predecessor-version":[{"id":1934,"href":"https:\/\/warsztaty-emc.pwr.edu.pl\/2024\/wp-json\/wp\/v2\/pages\/1635\/revisions\/1934"}],"wp:attachment":[{"href":"https:\/\/warsztaty-emc.pwr.edu.pl\/2024\/wp-json\/wp\/v2\/media?parent=1635"}],"curies":[{"name":"wp","href":"https:\/\/api.w.org\/{rel}","templated":true}]}}