{"id":294,"date":"2022-03-18T13:53:00","date_gmt":"2022-03-18T12:53:00","guid":{"rendered":"http:\/\/localhost\/wordpress\/?page_id=294"},"modified":"2026-02-18T11:44:47","modified_gmt":"2026-02-18T10:44:47","slug":"dla-wystawcow","status":"publish","type":"page","link":"https:\/\/warsztaty-emc.pwr.edu.pl\/2024\/dla-wystawcow\/","title":{"rendered":"Informacje dla wystawc\u00f3w"},"content":{"rendered":"\n<h2 class=\"wp-block-heading\">Uwaga! Jeste\u015b na archiwalnej stronie Warsztaty EMC, zawieraj\u0105cej informacje dotycz\u0105ce poprzednich edycji.<\/h2>\n\n\n\n<p>Zapraszamy producent\u00f3w i przedstawicieli handlowych firm, jednostek doradczych i badawczych, kt\u00f3rych charakter dzia\u0142alno\u015bci zwi\u0105zany jest z zagadnieniami kompatybilno\u015bci elektromagnetycznej, pomiaru p\u00f3l elektromagnetycznych, ochrony os\u00f3b i urz\u0105dze\u0144 przed zaburzeniami elektromagnetycznymi, do wzi\u0119cia udzia\u0142u w wystawie technicznej i zaprezentowania swoich produkt\u00f3w, us\u0142ug i osi\u0105gni\u0119\u0107 podczas XIV Krajowych Warsztat\u00f3w EMC.<\/p>\n\n\n\n<p style=\"line-height:0\">Mo\u017cliwe formy udzia\u0142u:<\/p>\n\n\n<ul style=\"padding-left: 1.4em; text-align: left; --ub-list-item-icon-top: 3px;; --ub-list-item-icon-size: 1.2em; --ub-list-item-background-image: url('data:image\/svg+xml;utf8,&lt;svg xmlns=&quot;http:\/\/www.w3.org\/2000\/svg&quot; viewBox=&quot;0 0 512 512&quot;&gt;&lt;path fill=&quot;%23000000&quot; d=&quot;M480 96c17.7 0 32 14.3 32 32s-14.3 32-32 32l-208 0 0-64 208 0zM320 288c17.7 0 32 14.3 32 32s-14.3 32-32 32H256c-17.7 0-32-14.3-32-32s14.3-32 32-32h64zm64-64c0 17.7-14.3 32-32 32H304c-17.7 0-32-14.3-32-32s14.3-32 32-32h48c17.7 0 32 14.3 32 32zM288 384c17.7 0 32 14.3 32 32s-14.3 32-32 32H224c-17.7 0-32-14.3-32-32s14.3-32 32-32h64zm-88-96l.6 0c-5.4 9.4-8.6 20.3-8.6 32c0 13.2 4 25.4 10.8 35.6C177.9 364.3 160 388.1 160 416c0 11.7 3.1 22.6 8.6 32H160C71.6 448 0 376.4 0 288l0-61.7c0-42.4 16.9-83.1 46.9-113.1l11.6-11.6C82.5 77.5 115.1 64 149 64l27 0c35.3 0 64 28.7 64 64v88c0 22.1-17.9 40-40 40s-40-17.9-40-40V160c0-8.8-7.2-16-16-16s-16 7.2-16 16v56c0 39.8 32.2 72 72 72z&quot;&gt;&lt;\/path&gt;&lt;\/svg&gt;'); --ub-list-item-fa-li-top: 3px; --ub-list-item-spacing: 8px; \" class=\"wp-block-ub-styled-list ub_styled_list\" id=\"ub_styled_list-cf8d52b7-f703-4f48-b80d-c7f23f9dc31e\"><div class=\"ub-block-list__layout\" style=\"text-align: left; column-count: 1; --ub-list-mobile-column-count: 1; \">\n<li class=\"ub_styled_list_item\" style=\"--ub-list-item-icon-top: 3px; --ub-list-item-icon-size: 0.9em; --ub-list-item-background-image: url('data:image\/svg+xml;utf8,&lt;svg xmlns=&quot;http:\/\/www.w3.org\/2000\/svg&quot; viewBox=&quot;0 0 512 512&quot;&gt;&lt;path fill=&quot;%23000000&quot; d=&quot;M470.6 105.4c12.5 12.5 12.5 32.8 0 45.3l-256 256c-12.5 12.5-32.8 12.5-45.3 0l-128-128c-12.5-12.5-12.5-32.8 0-45.3s32.8-12.5 45.3 0L192 338.7 425.4 105.4c12.5-12.5 32.8-12.5 45.3 0z&quot;&gt;&lt;\/path&gt;&lt;\/svg&gt;'); \" id=\"ub-styled-list-item-c8a9f203-e674-4b18-adab-5d22ea5dfb48\">\n\t\t\t<div class=\"ub_list_item_content\">\n\t\t\t\t<span class=\"ub_list_item_icon\">\n\t\t\t\t\t<svg width=\"0.9em\" height=\"0.9em\" xmlns=\"http:\/\/www.w3.org\/2000\/svg\" viewbox=\"0 0 512 512\"><path fill=\"#000000\" d=\"M470.6 105.4c12.5 12.5 12.5 32.8 0 45.3l-256 256c-12.5 12.5-32.8 12.5-45.3 0l-128-128c-12.5-12.5-12.5-32.8 0-45.3s32.8-12.5 45.3 0L192 338.7 425.4 105.4c12.5-12.5 32.8-12.5 45.3 0z\"><\/path><\/svg>\n\t\t\t\t<\/span>\n\t\t\t\t<span class=\"ub_list_item_text\">dostarczenie uczestnikom Warsztat\u00f3w EMC pakietu materia\u0142\u00f3w reklamowych,<\/span>\n\t\t\t<\/div>\n\t\t\t\n\t\t<\/li>\n\n<li class=\"ub_styled_list_item\" style=\"--ub-list-item-icon-top: 3px; --ub-list-item-icon-size: 0.9em; --ub-list-item-background-image: url('data:image\/svg+xml;utf8,&lt;svg xmlns=&quot;http:\/\/www.w3.org\/2000\/svg&quot; viewBox=&quot;0 0 512 512&quot;&gt;&lt;path fill=&quot;%23000000&quot; d=&quot;M470.6 105.4c12.5 12.5 12.5 32.8 0 45.3l-256 256c-12.5 12.5-32.8 12.5-45.3 0l-128-128c-12.5-12.5-12.5-32.8 0-45.3s32.8-12.5 45.3 0L192 338.7 425.4 105.4c12.5-12.5 32.8-12.5 45.3 0z&quot;&gt;&lt;\/path&gt;&lt;\/svg&gt;'); \" id=\"ub-styled-list-item-7e0c6c40-bce1-42e0-9358-7e7285cdd401\">\n\t\t\t<div class=\"ub_list_item_content\">\n\t\t\t\t<span class=\"ub_list_item_icon\">\n\t\t\t\t\t<svg width=\"0.9em\" height=\"0.9em\" xmlns=\"http:\/\/www.w3.org\/2000\/svg\" viewbox=\"0 0 512 512\"><path fill=\"#000000\" d=\"M470.6 105.4c12.5 12.5 12.5 32.8 0 45.3l-256 256c-12.5 12.5-32.8 12.5-45.3 0l-128-128c-12.5-12.5-12.5-32.8 0-45.3s32.8-12.5 45.3 0L192 338.7 425.4 105.4c12.5-12.5 32.8-12.5 45.3 0z\"><\/path><\/svg>\n\t\t\t\t<\/span>\n\t\t\t\t<span class=\"ub_list_item_text\">udzia\u0142 w wystawie technicznej,<\/span>\n\t\t\t<\/div>\n\t\t\t\n\t\t<\/li>\n\n<li class=\"ub_styled_list_item\" style=\"--ub-list-item-icon-top: 3px; --ub-list-item-icon-size: 0.9em; --ub-list-item-background-image: url('data:image\/svg+xml;utf8,&lt;svg xmlns=&quot;http:\/\/www.w3.org\/2000\/svg&quot; viewBox=&quot;0 0 512 512&quot;&gt;&lt;path fill=&quot;%23000000&quot; d=&quot;M470.6 105.4c12.5 12.5 12.5 32.8 0 45.3l-256 256c-12.5 12.5-32.8 12.5-45.3 0l-128-128c-12.5-12.5-12.5-32.8 0-45.3s32.8-12.5 45.3 0L192 338.7 425.4 105.4c12.5-12.5 32.8-12.5 45.3 0z&quot;&gt;&lt;\/path&gt;&lt;\/svg&gt;'); \" id=\"ub-styled-list-item-12cf2b61-4cb1-4bfe-bd44-d1f23e5602c3\">\n\t\t\t<div class=\"ub_list_item_content\">\n\t\t\t\t<span class=\"ub_list_item_icon\">\n\t\t\t\t\t<svg width=\"0.9em\" height=\"0.9em\" xmlns=\"http:\/\/www.w3.org\/2000\/svg\" viewbox=\"0 0 512 512\"><path fill=\"#000000\" d=\"M470.6 105.4c12.5 12.5 12.5 32.8 0 45.3l-256 256c-12.5 12.5-32.8 12.5-45.3 0l-128-128c-12.5-12.5-12.5-32.8 0-45.3s32.8-12.5 45.3 0L192 338.7 425.4 105.4c12.5-12.5 32.8-12.5 45.3 0z\"><\/path><\/svg>\n\t\t\t\t<\/span>\n\t\t\t\t<span class=\"ub_list_item_text\">organizowanie sesji szkoleniowych i warsztatowych,<\/span>\n\t\t\t<\/div>\n\t\t\t\n\t\t<\/li>\n\n<li class=\"ub_styled_list_item\" style=\"--ub-list-item-icon-top: 3px; --ub-list-item-icon-size: 0.9em; --ub-list-item-background-image: url('data:image\/svg+xml;utf8,&lt;svg xmlns=&quot;http:\/\/www.w3.org\/2000\/svg&quot; viewBox=&quot;0 0 512 512&quot;&gt;&lt;path fill=&quot;%23000000&quot; d=&quot;M470.6 105.4c12.5 12.5 12.5 32.8 0 45.3l-256 256c-12.5 12.5-32.8 12.5-45.3 0l-128-128c-12.5-12.5-12.5-32.8 0-45.3s32.8-12.5 45.3 0L192 338.7 425.4 105.4c12.5-12.5 32.8-12.5 45.3 0z&quot;&gt;&lt;\/path&gt;&lt;\/svg&gt;'); \" id=\"ub-styled-list-item-f4276b1d-7499-43ba-8dfe-05495cd0b538\">\n\t\t\t<div class=\"ub_list_item_content\">\n\t\t\t\t<span class=\"ub_list_item_icon\">\n\t\t\t\t\t<svg width=\"0.9em\" height=\"0.9em\" xmlns=\"http:\/\/www.w3.org\/2000\/svg\" viewbox=\"0 0 512 512\"><path fill=\"#000000\" d=\"M470.6 105.4c12.5 12.5 12.5 32.8 0 45.3l-256 256c-12.5 12.5-32.8 12.5-45.3 0l-128-128c-12.5-12.5-12.5-32.8 0-45.3s32.8-12.5 45.3 0L192 338.7 425.4 105.4c12.5-12.5 32.8-12.5 45.3 0z\"><\/path><\/svg>\n\t\t\t\t<\/span>\n\t\t\t\t<span class=\"ub_list_item_text\">finansowe wsparcie konferencji.<\/span>\n\t\t\t<\/div>\n\t\t\t\n\t\t<\/li>\n<\/div><\/ul>\n\n\n<div class=\"wp-block-group is-layout-flow wp-block-group-is-layout-flow\">\n<p><\/p>\n\n\n\n<p>Zapraszamy  do wparcia finansowego naszej konferencji, jako Sponsor. W takim przypadku prosimy o kontakt bezpo\u015bredni z Organizatorami.<\/p>\n\n\n\n<h2 class=\"wp-block-heading\" style=\"margin-top:0px\">Pakiet materia\u0142\u00f3w reklamowych<\/h2>\n\n\n\n<p>Dostarczony przez reklamodawc\u0119 pakiet materia\u0142\u00f3w reklamowych zostanie przekazany ka\u017cdemu uczestnikowi konferencji &#8211; koszt od&nbsp;<strong>700 z\u0142 netto<\/strong> (uzale\u017cniony od obj\u0119to\u015bci pakietu reklamowego &#8211; standardowo do kilku stron). Informacja o szacowanej liczbie uczestnik\u00f3w jest podawana na oko\u0142o trzy tygodnie przed konferencj\u0105. Zapewnienie odpowiedniej ilo\u015bci materia\u0142\u00f3w jest po stronie reklamodawcy. Materia\u0142y nale\u017cy przes\u0142a\u0107 <strong>najp\u00f3\u017aniej do 20 czerwca<\/strong> (termin dotyczy daty dostawy, a nie nadania). Organizator nie gwarantuje umieszczenie materia\u0142\u00f3w reklamowych w pakietach uczestnik\u00f3w otrzymanych po 20 czerwca. Adres nadania przesy\u0142ek: <strong>Politechnika Wroc\u0142awska, ul. Janiszewskiego 11A (bud. C-15), 50-372 Wroc\u0142aw<\/strong>. <\/p>\n<\/div>\n\n\n\n<div class=\"wp-block-group is-layout-flow wp-block-group-is-layout-flow\">\n<h2 class=\"wp-block-heading\">Wystawa techniczna<\/h2>\n\n\n\n<p>Wystawcom oferowane s\u0105 stoiska wystawowe o powierzchni <strong>6 m<sup>2<\/sup><\/strong> (o wymiarach <strong>2 m&nbsp;x&nbsp;3 m<\/strong>) w cenie <strong>4800 z\u0142&nbsp;netto<\/strong> oraz <strong>9 m<sup>2<\/sup><\/strong>&nbsp;(o wymiarach <strong>3 m x 3 m<\/strong>) w cenie <strong>7200 z\u0142 netto<\/strong>. Stoiska b\u0119d\u0105 podstawowo wyposa\u017cone w st\u00f3\u0142, krzes\u0142a, lad\u0119, o\u015bwietlenie, zasilanie elektryczne oraz b\u0119d\u0105 oznakowane&nbsp;nazw\u0105 i logiem firmy. Na specjalne \u017cyczenie Wystawc\u00f3w stoisko mo\u017ce zosta\u0107 doposa\u017cone &#8211; informacj\u0119 o tym nale\u017cy zawrze\u0107 w uwagach w formularzu zg\u0142oszeniowym wystawcy. Rozmieszczenie stoisk oraz ich dost\u0119pno\u015b\u0107 jest przedstawiona na <a href=\"#plany\"><strong>planie budynku<\/strong><\/a> na dole strony. Organizatorzy zapewniaj\u0105 ochron\u0119 stoiska poza godzinami otwarcia wystawy.<\/p>\n\n\n\n<p>Istnieje mo\u017cliwo\u015b\u0107 zwi\u0119kszenia powierzchni stoiska wystawowego poprzez dokupienie modu\u0142\u00f3w w rozmiarze 1 x 2 m lub 1 x 3 m &#8211; adekwatnie do wykupionego stoiska, albo poprzez wykupienie kilku miejsc wystawowych. Dopuszczamy mo\u017cliwo\u015b\u0107 budowy i aran\u017cacji stoiska wystawowego zgodnie z preferencjami wystawcy po wcze\u015bniejszym ustaleniu przez Sekretariat konferencji mo\u017cliwo\u015bci lokalizacji i aran\u017cacji takiego stoiska wystawowego oraz ustaleniu szczeg\u00f3\u0142\u00f3w technicznych.<\/p>\n\n\n\n<div style=\"height:20px\" aria-hidden=\"true\" class=\"wp-block-spacer\"><\/div>\n\n\n\n<div class=\"wp-block-columns is-layout-flex wp-container-core-columns-is-layout-9d6595d7 wp-block-columns-is-layout-flex\">\n<div class=\"wp-block-column is-layout-flow wp-block-column-is-layout-flow\" style=\"flex-basis:35%\"><\/div>\n\n\n\n<div class=\"wp-block-column is-layout-flow wp-block-column-is-layout-flow\" style=\"flex-basis:30%\">\n<figure class=\"wp-block-image aligncenter size-full is-resized\"><img loading=\"lazy\" decoding=\"async\" width=\"691\" height=\"600\" src=\"https:\/\/warsztaty-emc.pwr.edu.pl\/2024\/wp-content\/uploads\/sites\/7\/2026\/02\/6m2.jpg\" alt=\"przyk\u0142adowe stanowisko wystawowe 2m x 3m\" class=\"wp-image-1888\" srcset=\"https:\/\/warsztaty-emc.pwr.edu.pl\/2024\/wp-content\/uploads\/sites\/7\/2026\/02\/6m2.jpg 691w, https:\/\/warsztaty-emc.pwr.edu.pl\/2024\/wp-content\/uploads\/sites\/7\/2026\/02\/6m2-300x260.jpg 300w\" sizes=\"auto, (max-width: 691px) 100vw, 691px\" \/><figcaption class=\"wp-element-caption\">Przyk\u0142adowe stanowisko 2m x 3m<\/figcaption><\/figure>\n<\/div>\n\n\n\n<div class=\"wp-block-column is-layout-flow wp-block-column-is-layout-flow\" style=\"flex-basis:35%\"><\/div>\n<\/div>\n\n\n\n<p>Udzia\u0142 w wystawie technicznej uprawnia r\u00f3wnie\u017c do bezp\u0142atnej prezentacji podczas zaplanowanych sesji firmowych (maksymalny czas prezentacji &#8211; 15 minut). Deklaracja organizacji prezentacji firmowej powinna by\u0107 skierowana do organizator\u00f3w <strong>do 20 maja 2024 r.<\/strong> poprzez kontakt telefoniczny do koordynatora ds. naukowo-programowych oraz wystawy pod numer <strong><a href=\"tel:+48 71 320 29 47\">+48\u00a071\u00a0320\u00a029\u00a047<\/a><\/strong>.<\/p>\n\n\n\n<div style=\"height:20px\" aria-hidden=\"true\" class=\"wp-block-spacer\"><\/div>\n<\/div>\n\n\n\n<div class=\"wp-block-group is-layout-constrained wp-block-group-is-layout-constrained\">\n<h2 class=\"wp-block-heading\">Formularz zg\u0142oszeniowy wystawcy<\/h2>\n\n\n\n<p>Warunkiem udzia\u0142u w wystawie technicznej jest przes\u0142anie wype\u0142nionego zg\u0142oszenia<strong> do 15 czerwca 2024 r.<\/strong>&nbsp;na adres <strong><strong><a href=\"mailto:warsztaty-emc@pwr.edu.pl\">warsztaty-emc@pwr.edu.pl<\/a><\/strong><\/strong> oraz <strong>dokonanie wp\u0142aty w terminie 2 tygodni od daty otrzymania akceptacji zg\u0142oszenia przez Organizatora.<\/strong> Wys\u0142anie zg\u0142oszenia jest wst\u0119pn\u0105 rezerwacj\u0105, a otrzymana akceptacja potwierdzeniem udzia\u0142u. <\/p>\n\n\n\n<div class=\"wp-block-columns is-layout-flex wp-container-core-columns-is-layout-9d6595d7 wp-block-columns-is-layout-flex\">\n<div class=\"wp-block-column is-vertically-aligned-center is-layout-flow wp-block-column-is-layout-flow\" style=\"flex-basis:50%\"><\/div>\n\n\n\n<div class=\"wp-block-column is-layout-flow wp-block-column-is-layout-flow\" style=\"flex-basis:20%\"><\/div>\n\n\n\n<div class=\"wp-block-column is-layout-flow wp-block-column-is-layout-flow\" style=\"flex-basis:50%\"><\/div>\n<\/div>\n\n\n\n<div style=\"height:20px\" aria-hidden=\"true\" class=\"wp-block-spacer\"><\/div>\n<\/div>\n\n\n\n<div class=\"wp-block-group is-layout-constrained wp-container-core-group-is-layout-86e3f0a7 wp-block-group-is-layout-constrained\" style=\"padding-right:6%;padding-left:6%\">\n<h2 class=\"wp-block-heading\">Dane do przelewu<\/h2>\n\n\n\n<p>Politechnika Wroc\u0142awska<br>ul. Wybrze\u017ce Wyspia\u0144skiego 27<br>50-370 Wroc\u0142aw<br>NIP: 896-000-58-51<br>Nr konta: PL37 1090 2402 0000 0006 1000 0434<br>Santander Bank Polska S.A.<\/p>\n\n\n\n<p>SWIFT: WBKPPLPPXXX (dla wystawc\u00f3w z zagranicy) \u2013&nbsp;<mark>wp\u0142aty nale\u017cy dokona\u0107 w PLN \/ payments must be made in PLN<\/mark><\/p>\n\n\n\n<p><mark style=\"background-color:rgba(0, 0, 0, 0);color:#cb0000\" class=\"has-inline-color\"><strong>W tytule przelewu nale\u017cy wpisa\u0107:<br><\/strong><\/mark><strong>XIV Warsztaty Kompatybilno\u015bci Elektromagnetycznej 2024; nazwa firmy<\/strong><\/p>\n<\/div>\n\n\n","protected":false},"excerpt":{"rendered":"<p>Uwaga! Jeste\u015b na archiwalnej stronie Warsztaty EMC, zawieraj\u0105cej informacje dotycz\u0105ce poprzednich edycji. Zapraszamy producent\u00f3w i przedstawicieli handlowych firm, jednostek doradczych<span class=\"more-dots\">&#8230;<\/span><\/p>\n","protected":false},"author":1,"featured_media":0,"parent":0,"menu_order":0,"comment_status":"closed","ping_status":"closed","template":"","meta":{"footnotes":""},"class_list":["post-294","page","type-page","status-publish","hentry","no-post-thumbnail"],"featured_image_src":null,"yoast_head":"<!-- This site is optimized with the Yoast SEO plugin v27.3 - https:\/\/yoast.com\/product\/yoast-seo-wordpress\/ -->\n<title>Informacje dla wystawc\u00f3w - Warsztaty EMC 2024<\/title>\n<meta name=\"robots\" content=\"index, follow, max-snippet:-1, max-image-preview:large, max-video-preview:-1\" \/>\n<link rel=\"canonical\" href=\"https:\/\/warsztaty-emc.pwr.edu.pl\/2024\/dla-wystawcow\/\" \/>\n<meta property=\"og:locale\" content=\"pl_PL\" \/>\n<meta property=\"og:type\" content=\"article\" \/>\n<meta property=\"og:title\" content=\"Informacje dla wystawc\u00f3w - Warsztaty EMC 2024\" \/>\n<meta property=\"og:description\" content=\"Uwaga! Jeste\u015b na archiwalnej stronie Warsztaty EMC, zawieraj\u0105cej informacje dotycz\u0105ce poprzednich edycji. Zapraszamy producent\u00f3w i przedstawicieli handlowych firm, jednostek doradczych...\" \/>\n<meta property=\"og:url\" content=\"https:\/\/warsztaty-emc.pwr.edu.pl\/2024\/dla-wystawcow\/\" \/>\n<meta property=\"og:site_name\" content=\"Warsztaty EMC 2024\" \/>\n<meta property=\"article:modified_time\" content=\"2026-02-18T10:44:47+00:00\" \/>\n<meta property=\"og:image\" content=\"https:\/\/warsztaty-emc.pwr.edu.pl\/2024\/wp-content\/uploads\/sites\/7\/2026\/02\/6m2.jpg\" \/>\n\t<meta property=\"og:image:width\" content=\"691\" \/>\n\t<meta property=\"og:image:height\" content=\"600\" \/>\n\t<meta property=\"og:image:type\" content=\"image\/jpeg\" \/>\n<meta name=\"twitter:card\" content=\"summary_large_image\" \/>\n<meta name=\"twitter:label1\" content=\"Szacowany czas czytania\" \/>\n\t<meta name=\"twitter:data1\" content=\"4 minuty\" \/>\n<script type=\"application\/ld+json\" class=\"yoast-schema-graph\">{\"@context\":\"https:\\\/\\\/schema.org\",\"@graph\":[{\"@type\":\"WebPage\",\"@id\":\"https:\\\/\\\/warsztaty-emc.pwr.edu.pl\\\/2024\\\/dla-wystawcow\\\/\",\"url\":\"https:\\\/\\\/warsztaty-emc.pwr.edu.pl\\\/2024\\\/dla-wystawcow\\\/\",\"name\":\"Informacje dla wystawc\u00f3w - Warsztaty EMC 2024\",\"isPartOf\":{\"@id\":\"https:\\\/\\\/warsztaty-emc.pwr.edu.pl\\\/2024\\\/#website\"},\"primaryImageOfPage\":{\"@id\":\"https:\\\/\\\/warsztaty-emc.pwr.edu.pl\\\/2024\\\/dla-wystawcow\\\/#primaryimage\"},\"image\":{\"@id\":\"https:\\\/\\\/warsztaty-emc.pwr.edu.pl\\\/2024\\\/dla-wystawcow\\\/#primaryimage\"},\"thumbnailUrl\":\"https:\\\/\\\/warsztaty-emc.pwr.edu.pl\\\/2024\\\/wp-content\\\/uploads\\\/sites\\\/7\\\/2026\\\/02\\\/6m2.jpg\",\"datePublished\":\"2022-03-18T12:53:00+00:00\",\"dateModified\":\"2026-02-18T10:44:47+00:00\",\"breadcrumb\":{\"@id\":\"https:\\\/\\\/warsztaty-emc.pwr.edu.pl\\\/2024\\\/dla-wystawcow\\\/#breadcrumb\"},\"inLanguage\":\"pl-PL\",\"potentialAction\":[{\"@type\":\"ReadAction\",\"target\":[\"https:\\\/\\\/warsztaty-emc.pwr.edu.pl\\\/2024\\\/dla-wystawcow\\\/\"]}]},{\"@type\":\"ImageObject\",\"inLanguage\":\"pl-PL\",\"@id\":\"https:\\\/\\\/warsztaty-emc.pwr.edu.pl\\\/2024\\\/dla-wystawcow\\\/#primaryimage\",\"url\":\"https:\\\/\\\/warsztaty-emc.pwr.edu.pl\\\/2024\\\/wp-content\\\/uploads\\\/sites\\\/7\\\/2026\\\/02\\\/6m2.jpg\",\"contentUrl\":\"https:\\\/\\\/warsztaty-emc.pwr.edu.pl\\\/2024\\\/wp-content\\\/uploads\\\/sites\\\/7\\\/2026\\\/02\\\/6m2.jpg\",\"width\":691,\"height\":600},{\"@type\":\"BreadcrumbList\",\"@id\":\"https:\\\/\\\/warsztaty-emc.pwr.edu.pl\\\/2024\\\/dla-wystawcow\\\/#breadcrumb\",\"itemListElement\":[{\"@type\":\"ListItem\",\"position\":1,\"name\":\"Strona g\u0142\u00f3wna\",\"item\":\"https:\\\/\\\/warsztaty-emc.pwr.edu.pl\\\/2024\\\/\"},{\"@type\":\"ListItem\",\"position\":2,\"name\":\"Informacje dla wystawc\u00f3w\"}]},{\"@type\":\"WebSite\",\"@id\":\"https:\\\/\\\/warsztaty-emc.pwr.edu.pl\\\/2024\\\/#website\",\"url\":\"https:\\\/\\\/warsztaty-emc.pwr.edu.pl\\\/2024\\\/\",\"name\":\"Warsztaty EMC 2024\",\"description\":\"XIV Krajowe Warsztaty EMC\",\"publisher\":{\"@id\":\"https:\\\/\\\/warsztaty-emc.pwr.edu.pl\\\/2024\\\/#organization\"},\"potentialAction\":[{\"@type\":\"SearchAction\",\"target\":{\"@type\":\"EntryPoint\",\"urlTemplate\":\"https:\\\/\\\/warsztaty-emc.pwr.edu.pl\\\/2024\\\/?s={search_term_string}\"},\"query-input\":{\"@type\":\"PropertyValueSpecification\",\"valueRequired\":true,\"valueName\":\"search_term_string\"}}],\"inLanguage\":\"pl-PL\"},{\"@type\":\"Organization\",\"@id\":\"https:\\\/\\\/warsztaty-emc.pwr.edu.pl\\\/2024\\\/#organization\",\"name\":\"Warsztaty EMC 2024\",\"url\":\"https:\\\/\\\/warsztaty-emc.pwr.edu.pl\\\/2024\\\/\",\"logo\":{\"@type\":\"ImageObject\",\"inLanguage\":\"pl-PL\",\"@id\":\"https:\\\/\\\/warsztaty-emc.pwr.edu.pl\\\/2024\\\/#\\\/schema\\\/logo\\\/image\\\/\",\"url\":\"https:\\\/\\\/warsztaty-emc.pwr.edu.pl\\\/2024\\\/wp-content\\\/uploads\\\/sites\\\/7\\\/2026\\\/02\\\/logo-odnowione_wieksze.png\",\"contentUrl\":\"https:\\\/\\\/warsztaty-emc.pwr.edu.pl\\\/2024\\\/wp-content\\\/uploads\\\/sites\\\/7\\\/2026\\\/02\\\/logo-odnowione_wieksze.png\",\"width\":460,\"height\":50,\"caption\":\"Warsztaty EMC 2024\"},\"image\":{\"@id\":\"https:\\\/\\\/warsztaty-emc.pwr.edu.pl\\\/2024\\\/#\\\/schema\\\/logo\\\/image\\\/\"}}]}<\/script>\n<!-- \/ Yoast SEO plugin. -->","yoast_head_json":{"title":"Informacje dla wystawc\u00f3w - Warsztaty EMC 2024","robots":{"index":"index","follow":"follow","max-snippet":"max-snippet:-1","max-image-preview":"max-image-preview:large","max-video-preview":"max-video-preview:-1"},"canonical":"https:\/\/warsztaty-emc.pwr.edu.pl\/2024\/dla-wystawcow\/","og_locale":"pl_PL","og_type":"article","og_title":"Informacje dla wystawc\u00f3w - Warsztaty EMC 2024","og_description":"Uwaga! Jeste\u015b na archiwalnej stronie Warsztaty EMC, zawieraj\u0105cej informacje dotycz\u0105ce poprzednich edycji. Zapraszamy producent\u00f3w i przedstawicieli handlowych firm, jednostek doradczych...","og_url":"https:\/\/warsztaty-emc.pwr.edu.pl\/2024\/dla-wystawcow\/","og_site_name":"Warsztaty EMC 2024","article_modified_time":"2026-02-18T10:44:47+00:00","og_image":[{"width":691,"height":600,"url":"https:\/\/warsztaty-emc.pwr.edu.pl\/2024\/wp-content\/uploads\/sites\/7\/2026\/02\/6m2.jpg","type":"image\/jpeg"}],"twitter_card":"summary_large_image","twitter_misc":{"Szacowany czas czytania":"4 minuty"},"schema":{"@context":"https:\/\/schema.org","@graph":[{"@type":"WebPage","@id":"https:\/\/warsztaty-emc.pwr.edu.pl\/2024\/dla-wystawcow\/","url":"https:\/\/warsztaty-emc.pwr.edu.pl\/2024\/dla-wystawcow\/","name":"Informacje dla wystawc\u00f3w - Warsztaty EMC 2024","isPartOf":{"@id":"https:\/\/warsztaty-emc.pwr.edu.pl\/2024\/#website"},"primaryImageOfPage":{"@id":"https:\/\/warsztaty-emc.pwr.edu.pl\/2024\/dla-wystawcow\/#primaryimage"},"image":{"@id":"https:\/\/warsztaty-emc.pwr.edu.pl\/2024\/dla-wystawcow\/#primaryimage"},"thumbnailUrl":"https:\/\/warsztaty-emc.pwr.edu.pl\/2024\/wp-content\/uploads\/sites\/7\/2026\/02\/6m2.jpg","datePublished":"2022-03-18T12:53:00+00:00","dateModified":"2026-02-18T10:44:47+00:00","breadcrumb":{"@id":"https:\/\/warsztaty-emc.pwr.edu.pl\/2024\/dla-wystawcow\/#breadcrumb"},"inLanguage":"pl-PL","potentialAction":[{"@type":"ReadAction","target":["https:\/\/warsztaty-emc.pwr.edu.pl\/2024\/dla-wystawcow\/"]}]},{"@type":"ImageObject","inLanguage":"pl-PL","@id":"https:\/\/warsztaty-emc.pwr.edu.pl\/2024\/dla-wystawcow\/#primaryimage","url":"https:\/\/warsztaty-emc.pwr.edu.pl\/2024\/wp-content\/uploads\/sites\/7\/2026\/02\/6m2.jpg","contentUrl":"https:\/\/warsztaty-emc.pwr.edu.pl\/2024\/wp-content\/uploads\/sites\/7\/2026\/02\/6m2.jpg","width":691,"height":600},{"@type":"BreadcrumbList","@id":"https:\/\/warsztaty-emc.pwr.edu.pl\/2024\/dla-wystawcow\/#breadcrumb","itemListElement":[{"@type":"ListItem","position":1,"name":"Strona g\u0142\u00f3wna","item":"https:\/\/warsztaty-emc.pwr.edu.pl\/2024\/"},{"@type":"ListItem","position":2,"name":"Informacje dla wystawc\u00f3w"}]},{"@type":"WebSite","@id":"https:\/\/warsztaty-emc.pwr.edu.pl\/2024\/#website","url":"https:\/\/warsztaty-emc.pwr.edu.pl\/2024\/","name":"Warsztaty EMC 2024","description":"XIV Krajowe Warsztaty EMC","publisher":{"@id":"https:\/\/warsztaty-emc.pwr.edu.pl\/2024\/#organization"},"potentialAction":[{"@type":"SearchAction","target":{"@type":"EntryPoint","urlTemplate":"https:\/\/warsztaty-emc.pwr.edu.pl\/2024\/?s={search_term_string}"},"query-input":{"@type":"PropertyValueSpecification","valueRequired":true,"valueName":"search_term_string"}}],"inLanguage":"pl-PL"},{"@type":"Organization","@id":"https:\/\/warsztaty-emc.pwr.edu.pl\/2024\/#organization","name":"Warsztaty EMC 2024","url":"https:\/\/warsztaty-emc.pwr.edu.pl\/2024\/","logo":{"@type":"ImageObject","inLanguage":"pl-PL","@id":"https:\/\/warsztaty-emc.pwr.edu.pl\/2024\/#\/schema\/logo\/image\/","url":"https:\/\/warsztaty-emc.pwr.edu.pl\/2024\/wp-content\/uploads\/sites\/7\/2026\/02\/logo-odnowione_wieksze.png","contentUrl":"https:\/\/warsztaty-emc.pwr.edu.pl\/2024\/wp-content\/uploads\/sites\/7\/2026\/02\/logo-odnowione_wieksze.png","width":460,"height":50,"caption":"Warsztaty EMC 2024"},"image":{"@id":"https:\/\/warsztaty-emc.pwr.edu.pl\/2024\/#\/schema\/logo\/image\/"}}]}},"_links":{"self":[{"href":"https:\/\/warsztaty-emc.pwr.edu.pl\/2024\/wp-json\/wp\/v2\/pages\/294","targetHints":{"allow":["GET"]}}],"collection":[{"href":"https:\/\/warsztaty-emc.pwr.edu.pl\/2024\/wp-json\/wp\/v2\/pages"}],"about":[{"href":"https:\/\/warsztaty-emc.pwr.edu.pl\/2024\/wp-json\/wp\/v2\/types\/page"}],"author":[{"embeddable":true,"href":"https:\/\/warsztaty-emc.pwr.edu.pl\/2024\/wp-json\/wp\/v2\/users\/1"}],"replies":[{"embeddable":true,"href":"https:\/\/warsztaty-emc.pwr.edu.pl\/2024\/wp-json\/wp\/v2\/comments?post=294"}],"version-history":[{"count":5,"href":"https:\/\/warsztaty-emc.pwr.edu.pl\/2024\/wp-json\/wp\/v2\/pages\/294\/revisions"}],"predecessor-version":[{"id":1896,"href":"https:\/\/warsztaty-emc.pwr.edu.pl\/2024\/wp-json\/wp\/v2\/pages\/294\/revisions\/1896"}],"wp:attachment":[{"href":"https:\/\/warsztaty-emc.pwr.edu.pl\/2024\/wp-json\/wp\/v2\/media?parent=294"}],"curies":[{"name":"wp","href":"https:\/\/api.w.org\/{rel}","templated":true}]}}